{"id":7654,"date":"2023-12-14T15:15:32","date_gmt":"2023-12-14T14:15:32","guid":{"rendered":"https:\/\/duchiluxuryapartments.it\/home\/"},"modified":"2025-12-05T11:49:50","modified_gmt":"2025-12-05T10:49:50","slug":"home","status":"publish","type":"page","link":"https:\/\/duchiluxuryapartments.it\/de\/","title":{"rendered":"Home"},"content":{"rendered":"<div  id=\"first-section\" class=\"grids-section animated fadeInUp grids-is-advanced alignwide\" style=\"--_gs-gap-desktop:0px 0px;--_gs-m-desktop:0 0 0 0;--_gs-p-desktop:0 0 0 0;--_gs-bg-desktop:transparent none;--_gs-bg-xp-desktop:0px;--_gs-zi-desktop:auto;--_gs-d-desktop:block;--_gs-mw-desktop:calc(100% - 0 - 0);--_gs-gap-tablet:0px 0px;--_gs-m-tablet:0 0 0 0;--_gs-p-tablet:0 0 0 0;--_gs-bg-tablet:transparent none;--_gs-bg-xp-tablet:0px;--_gs-zi-tablet:auto;--_gs-d-tablet:block;--_gs-mw-tablet:calc(100% - 0 - 0);--_gs-gap-mobile:0px 0px;--_gs-m-mobile:0 0 0 0;--_gs-p-mobile:0 0 0 0;--_gs-bg-mobile:transparent none;--_gs-bg-xp-mobile:0px;--_gs-zi-mobile:auto;--_gs-d-mobile:block;--_gs-mw-mobile:calc(100% - 0 - 0);--_gs-columns:12;--_gs-rows:6\"><div class=\"grids-s-w_i\">\n<div class=\"grids-area\" style=\"--_ga-column:1\/13;--_ga-row:1\/7;--_ga-m-desktop:0 0 0 0;--_ga-p-desktop:0 0 0 0;--_ga-bg-desktop:transparent none;--_ga-zi-desktop:auto;--_ga-d-desktop:flex;--_ga-mw-desktop:calc(100% - 0 - 0);--_ga-m-tablet:0 0 0 0;--_ga-p-tablet:0 0 0 0;--_ga-bg-tablet:transparent none;--_ga-zi-tablet:auto;--_ga-d-tablet:flex;--_ga-mw-tablet:calc(100% - 0 - 0);--_ga-m-mobile:0 0 0 0;--_ga-p-mobile:0 0 0 0;--_ga-bg-mobile:transparent none;--_ga-zi-mobile:auto;--_ga-d-mobile:flex;--_ga-mw-mobile:calc(100% - 0 - 0)\">\n\n<p class=\"has-text-align-center\">In der einzigartigen Umgebung der Piazza Unit\u00e0 d&#8217;Italia, in einem der ber\u00fchmtesten Geb\u00e4ude im Herzen von Triest, finden Sie unsere eleganten und modernen Wohnungen.\n         Die Wohnungen sind komfortabel und stilvoll eingerichtet und bieten einen exklusiven R\u00fcckzugsort im Herzen dieser faszinierenden Stadt.\n        <\/p>\n\n<\/div>\n<\/div><\/div>\n\n<div  class=\"grids-section welcome-row grids-is-advanced alignfull\" style=\"--_gs-gap-desktop:0px 0px;--_gs-m-desktop:0 0 0 0;--_gs-p-desktop:0 0 0 0;--_gs-bg-desktop:transparent none;--_gs-bg-xp-desktop:0px;--_gs-zi-desktop:auto;--_gs-d-desktop:block;--_gs-mw-desktop:calc(100% - 0 - 0);--_gs-gap-tablet:0px 0px;--_gs-m-tablet:0 0 0 0;--_gs-p-tablet:0 0 0 0;--_gs-bg-tablet:transparent none;--_gs-bg-xp-tablet:0px;--_gs-zi-tablet:auto;--_gs-d-tablet:block;--_gs-mw-tablet:calc(100% - 0 - 0);--_gs-gap-mobile:0px 0px;--_gs-m-mobile:0 0 0 0;--_gs-p-mobile:0 0 0 0;--_gs-bg-mobile:transparent none;--_gs-bg-xp-mobile:0px;--_gs-zi-mobile:auto;--_gs-d-mobile:block;--_gs-mw-mobile:calc(100% - 0 - 0);--_gs-columns:12;--_gs-rows:6\"><div class=\"grids-s-w_i\">\n<div class=\"grids-area\" style=\"--_ga-column:1\/13;--_ga-row:1\/7;--_ga-m-desktop:0 0 0 0;--_ga-p-desktop:0 0 0 0;--_ga-bg-desktop:transparent none;--_ga-zi-desktop:auto;--_ga-d-desktop:flex;--_ga-mw-desktop:calc(100% - 0 - 0);--_ga-m-tablet:0 0 0 0;--_ga-p-tablet:0 0 0 0;--_ga-bg-tablet:transparent none;--_ga-zi-tablet:auto;--_ga-d-tablet:flex;--_ga-mw-tablet:calc(100% - 0 - 0);--_ga-m-mobile:0 0 0 0;--_ga-p-mobile:0 0 0 0;--_ga-bg-mobile:transparent none;--_ga-zi-mobile:auto;--_ga-d-mobile:flex;--_ga-mw-mobile:calc(100% - 0 - 0)\">\n\n<figure class=\"wp-block-image size-full full-width\"><img loading=\"lazy\" decoding=\"async\" width=\"1920\" height=\"1270\" src=\"https:\/\/duchiluxuryapartments.it\/wp-content\/uploads\/2023\/11\/Posizione-perfetta-foto-aerea-1.webp\" alt=\"Luftaufnahme des Platzes mit historischen Geb\u00e4uden bei Sonnenuntergang.\n        \" class=\"wp-image-7342\" srcset=\"https:\/\/duchiluxuryapartments.it\/wp-content\/uploads\/2023\/11\/Posizione-perfetta-foto-aerea-1.webp 1920w, https:\/\/duchiluxuryapartments.it\/wp-content\/uploads\/2023\/11\/Posizione-perfetta-foto-aerea-1-300x198.webp 300w, https:\/\/duchiluxuryapartments.it\/wp-content\/uploads\/2023\/11\/Posizione-perfetta-foto-aerea-1-1024x677.webp 1024w, https:\/\/duchiluxuryapartments.it\/wp-content\/uploads\/2023\/11\/Posizione-perfetta-foto-aerea-1-768x508.webp 768w, https:\/\/duchiluxuryapartments.it\/wp-content\/uploads\/2023\/11\/Posizione-perfetta-foto-aerea-1-1536x1016.webp 1536w, https:\/\/duchiluxuryapartments.it\/wp-content\/uploads\/2023\/11\/Posizione-perfetta-foto-aerea-1-500x331.webp 500w, https:\/\/duchiluxuryapartments.it\/wp-content\/uploads\/2023\/11\/Posizione-perfetta-foto-aerea-1-800x529.webp 800w, https:\/\/duchiluxuryapartments.it\/wp-content\/uploads\/2023\/11\/Posizione-perfetta-foto-aerea-1-1280x847.webp 1280w, https:\/\/duchiluxuryapartments.it\/wp-content\/uploads\/2023\/11\/Posizione-perfetta-foto-aerea-1-1568x1037.webp 1568w\" sizes=\"auto, (max-width: 1920px) 100vw, 1920px\" \/><\/figure>\n\n<\/div>\n\n<div class=\"grids-area content animated fadeInUp\" style=\"--_ga-column:1\/13;--_ga-row:1\/7;--_ga-m-desktop:0 0 0 0;--_ga-p-desktop:0 0 0 0;--_ga-bg-desktop:transparent none;--_ga-zi-desktop:auto;--_ga-d-desktop:flex;--_ga-mw-desktop:calc(100% - 0 - 0);--_ga-m-tablet:0 0 0 0;--_ga-p-tablet:0 0 0 0;--_ga-bg-tablet:transparent none;--_ga-zi-tablet:auto;--_ga-d-tablet:flex;--_ga-mw-tablet:calc(100% - 0 - 0);--_ga-m-mobile:0 0 0 0;--_ga-p-mobile:0 0 0 0;--_ga-bg-mobile:transparent none;--_ga-zi-mobile:auto;--_ga-d-mobile:flex;--_ga-mw-mobile:calc(100% - 0 - 0)\">\n\n<p class=\"has-text-align-center counter-h counter-h-white has-white-color has-text-color\">EIN PERFEKTER STANDORT\n        <\/p>\n\n\n\n<h2 class=\"wp-block-heading has-text-align-center has-white-color has-text-color\">DIE ZEITLOSE SCH\u00d6NHEIT DES\n        <br>PALAZZO PITTERI\n        <\/h2>\n\n<\/div>\n<\/div><\/div>\n\n<div  class=\"grids-section rooms-home-row grids-is-advanced alignwide\" style=\"--_gs-gap-desktop:0px 0px;--_gs-m-desktop:0 0 0 0;--_gs-p-desktop:0 0 0 0;--_gs-bg-desktop:transparent url() no-repeat 0% 50%;--_gs-bg-xp-desktop:0px;--_gs-zi-desktop:auto;--_gs-d-desktop:block;--_gs-mw-desktop:calc(100% - 0 - 0);--_gs-gap-tablet:0px 0px;--_gs-m-tablet:0 0 0 0;--_gs-p-tablet:0 0 0 0;--_gs-bg-tablet:transparent url() no-repeat 0% 50%;--_gs-bg-xp-tablet:0px;--_gs-zi-tablet:auto;--_gs-d-tablet:block;--_gs-mw-tablet:calc(100% - 0 - 0);--_gs-gap-mobile:0px 0px;--_gs-m-mobile:0 0 0 0;--_gs-p-mobile:0 0 0 0;--_gs-bg-mobile:transparent url() no-repeat 0% 50%;--_gs-bg-xp-mobile:0px;--_gs-zi-mobile:auto;--_gs-d-mobile:block;--_gs-mw-mobile:calc(100% - 0 - 0);--_gs-columns:12;--_gs-rows:6\"><div class=\"grids-s-w_i\">\n<div class=\"grids-area\" style=\"--_ga-column:3\/4;--_ga-row:1\/3;--_ga-m-desktop:0 0 0 0;--_ga-p-desktop:0 0 0 0;--_ga-bg-desktop:transparent none;--_ga-zi-desktop:auto;--_ga-d-desktop:none;--_ga-mw-desktop:calc(100% - 0 - 0);--_ga-m-tablet:0 0 0 0;--_ga-p-tablet:0 0 0 0;--_ga-bg-tablet:transparent none;--_ga-zi-tablet:auto;--_ga-d-tablet:none;--_ga-mw-tablet:calc(100% - 0 - 0);--_ga-m-mobile:0 0 0 0;--_ga-p-mobile:0 0 0 0;--_ga-bg-mobile:transparent none;--_ga-zi-mobile:auto;--_ga-d-mobile:none;--_ga-mw-mobile:calc(100% - 0 - 0)\">\n\n<figure class=\"wp-block-image size-full\"><img loading=\"lazy\" decoding=\"async\" width=\"102\" height=\"105\" src=\"https:\/\/duchiluxuryapartments.it\/wp-content\/uploads\/2023\/11\/Relais-Chateaux-2.png\" alt=\"\" class=\"wp-image-6864\"\/><\/figure>\n\n<\/div>\n\n<div class=\"grids-area animated fadeInLeft\" style=\"--_ga-column:1\/13;--_ga-row:1\/3;--_ga-m-desktop:0 0 0 0;--_ga-p-desktop:0 0 0 0;--_ga-bg-desktop:transparent none;--_ga-zi-desktop:auto;--_ga-d-desktop:flex;--_ga-mw-desktop:calc(100% - 0 - 0);--_ga-m-tablet:0 0 0 0;--_ga-p-tablet:0 0 0 0;--_ga-bg-tablet:transparent none;--_ga-zi-tablet:auto;--_ga-d-tablet:flex;--_ga-mw-tablet:calc(100% - 0 - 0);--_ga-m-mobile:0 0 0 0;--_ga-p-mobile:0 0 0 0;--_ga-bg-mobile:transparent none;--_ga-zi-mobile:auto;--_ga-d-mobile:flex;--_ga-mw-mobile:calc(100% - 0 - 0)\">\n\n<p class=\"has-text-align-center counter-h\">OASE DER ELEGANZ\n        <\/p>\n\n\n\n<h2 class=\"wp-block-heading has-text-align-center\">LUXURY APARTMENTS\n        <\/h2>\n\n<\/div>\n\n<div class=\"grids-area animated fadeInRight \" style=\"--_ga-column:3\/13;--_ga-row:3\/7;--_ga-m-desktop:0 0 0 0;--_ga-p-desktop:0 0 0 0;--_ga-bg-desktop:transparent none;--_ga-zi-desktop:auto;--_ga-d-desktop:flex;--_ga-mw-desktop:calc(100% - 0 - 0);--_ga-m-tablet:0 0 0 0;--_ga-p-tablet:0 0 0 0;--_ga-bg-tablet:transparent none;--_ga-zi-tablet:auto;--_ga-d-tablet:flex;--_ga-mw-tablet:calc(100% - 0 - 0);--_ga-m-mobile:0 0 0 0;--_ga-p-mobile:0 0 0 0;--_ga-bg-mobile:transparent none;--_ga-zi-mobile:auto;--_ga-d-mobile:flex;--_ga-mw-mobile:calc(100% - 0 - 0)\">\n\n<div class=\"apartments-list-container \" id=\"apartmentsSlider_2\">\n\t\t\t<div class=\"slider\">\n\t\t\t<div class=\"swiper-wrapper\">\n\t\t\t\t<div class=\"apartments-list-container-single swiper-slide\" onclick=\"location.href='https:\/\/duchiluxuryapartments.it\/de\/apartment\/family-suite\/'\">\n\t\t\t\t<a href=\"https:\/\/duchiluxuryapartments.it\/de\/apartment\/family-suite\/\">\n\t\t\t\t\t\t\t\t\t\t\t<span class=\"label\">DIE BELIEBTESTE WOHNUNG        <\/span>\n\t\t\t\t\t\n\t\t\t\t\t<figure class=\"full-width apartments-list-container-single-img\">\n\t\t\t\t\t\t<img decoding=\"async\" src=\"https:\/\/duchiluxuryapartments.it\/wp-content\/uploads\/2023\/10\/Family-Suite-above-the-fold.jpg'\" alt=\"camera da letto luminosa con un letto grande, specchio circolare, poltrona verde e tende bianche.\" \/>\n\t\t\t\t\t<\/figure>\n\n\t\t\t\t\t<h3 class=\"apartments-list-container-single-title\">Familien-Aparthotel Duplex \u2013 Nebengeb\u00e4ude B&amp;B<\/h3>\n\t\t\t\t<\/a>\n\t\t\t<\/div>\n\t\t\t\t\t\t<div class=\"apartments-list-container-single swiper-slide\" onclick=\"location.href='https:\/\/duchiluxuryapartments.it\/de\/apartment\/city-lodge\/'\">\n\t\t\t\t<a href=\"https:\/\/duchiluxuryapartments.it\/de\/apartment\/city-lodge\/\">\n\t\t\t\t\t\n\t\t\t\t\t<figure class=\"full-width apartments-list-container-single-img\">\n\t\t\t\t\t\t<img decoding=\"async\" src=\"https:\/\/duchiluxuryapartments.it\/wp-content\/uploads\/2023\/11\/duchi-d-aosta-apartments-city-lodge-01-1.jpg'\" alt=\"Ampio soggiorno con divano blu, travi in legno bianche a vista, tavolo da pranzo rotondo, sedie bianche e scala a chiocciola nera.\" \/>\n\t\t\t\t\t<\/figure>\n\n\t\t\t\t\t<h3 class=\"apartments-list-container-single-title\">City Lodge Aparthotel Duplex B&amp;B im Nebengeb\u00e4ude<\/h3>\n\t\t\t\t<\/a>\n\t\t\t<\/div>\n\t\t\t\t\t\t<div class=\"apartments-list-container-single swiper-slide\" onclick=\"location.href='https:\/\/duchiluxuryapartments.it\/de\/apartment\/loft-unita\/'\">\n\t\t\t\t<a href=\"https:\/\/duchiluxuryapartments.it\/de\/apartment\/loft-unita\/\">\n\t\t\t\t\t\n\t\t\t\t\t<figure class=\"full-width apartments-list-container-single-img\">\n\t\t\t\t\t\t<img decoding=\"async\" src=\"https:\/\/duchiluxuryapartments.it\/wp-content\/uploads\/2023\/11\/Loft-Unita-above-the-fold.jpg'\" alt=\"Stanza spaziosa con un letto matrimoniale, un divano rosso, specchio rotondo, lampade da terra e una vista sulla sala da pranzo.\" \/>\n\t\t\t\t\t<\/figure>\n\n\t\t\t\t\t<h3 class=\"apartments-list-container-single-title\">Open Loft Aparthotel B&amp;B im Anbau<\/h3>\n\t\t\t\t<\/a>\n\t\t\t<\/div>\n\t\t\t\t\t\t<div class=\"apartments-list-container-single swiper-slide\" onclick=\"location.href='https:\/\/duchiluxuryapartments.it\/de\/apartment\/city-lodge-con-vista\/'\">\n\t\t\t\t<a href=\"https:\/\/duchiluxuryapartments.it\/de\/apartment\/city-lodge-con-vista\/\">\n\t\t\t\t\t\n\t\t\t\t\t<figure class=\"full-width apartments-list-container-single-img\">\n\t\t\t\t\t\t<img decoding=\"async\" src=\"https:\/\/duchiluxuryapartments.it\/wp-content\/uploads\/2023\/11\/duchi-d-aosta-apartments-city-lodge-con-vista-03-1.jpg'\" alt=\"Salotto moderno luminoso con televisione, divano blu ed elementi di design\" \/>\n\t\t\t\t\t<\/figure>\n\n\t\t\t\t\t<h3 class=\"apartments-list-container-single-title\">City Lodge Aparthotel Duplex mit Aussicht B&amp;B \u2013 im Nebengeb\u00e4ude<\/h3>\n\t\t\t\t<\/a>\n\t\t\t<\/div>\n\t\t\t\t\t\t\t<\/div>\n\t\t<\/div>\n\t\t<!--<div class=\"slider-list-navigation\">\n\t\t\t<div class=\"swiper-button-prev\"><\/div>\n\t\t\t<div class=\"swiper-pagination\"><\/div>\n\t\t\t<div class=\"swiper-button-next\"><\/div>\n\t\t<\/div>-->\n\t<\/div>\n\n\t<script type=\"text\/javascript\">\n\t\tjQuery(document).ready(function () {\n\t\t\t\/\/ initialize swiper when document ready\n\t\t\tvar apartmentsSlider_2 = new Swiper ('#apartmentsSlider_2 .slider', {\n\t\t\t\tslidesPerView: 'auto',\n\t\t\t\tspaceBetween: 0,\n\t\t\t\tpagination: {\n                    el: '#apartmentsSlider_2 .slider-list-navigation .swiper-pagination',\n                    clickable: true\n                },\n\t\t\t\tnavigation: {\n\t\t\t\t\tnextEl: '#apartmentsSlider_2 .slider-list-navigation .swiper-button-next',\n\t\t\t\t\tprevEl: '#apartmentsSlider_2 .slider-list-navigation .swiper-button-prev',\n\t\t\t\t}\n\t\t\t});\n\t\t});\n\t<\/script>\n\n\n<\/div>\n<\/div><\/div>\n\n<div  class=\"grids-section rooms-home-row grids-is-advanced alignwide\" style=\"--_gs-gap-desktop:0px 0px;--_gs-m-desktop:0 0 0 0;--_gs-p-desktop:0 0 0 0;--_gs-bg-desktop:transparent url() no-repeat 0% 50%;--_gs-bg-xp-desktop:0px;--_gs-zi-desktop:auto;--_gs-d-desktop:block;--_gs-mw-desktop:calc(100% - 0 - 0);--_gs-gap-tablet:0px 0px;--_gs-m-tablet:0 0 0 0;--_gs-p-tablet:0 0 0 0;--_gs-bg-tablet:transparent url() no-repeat 0% 50%;--_gs-bg-xp-tablet:0px;--_gs-zi-tablet:auto;--_gs-d-tablet:block;--_gs-mw-tablet:calc(100% - 0 - 0);--_gs-gap-mobile:0px 0px;--_gs-m-mobile:0 0 0 0;--_gs-p-mobile:0 0 0 0;--_gs-bg-mobile:transparent url() no-repeat 0% 50%;--_gs-bg-xp-mobile:0px;--_gs-zi-mobile:auto;--_gs-d-mobile:block;--_gs-mw-mobile:calc(100% - 0 - 0);--_gs-columns:12;--_gs-rows:6\"><div class=\"grids-s-w_i\">\n<div class=\"grids-area animated fadeInRight\" style=\"--_ga-column:1\/13;--_ga-row:1\/3;--_ga-m-desktop:0 0 0 0;--_ga-p-desktop:0 0 0 0;--_ga-bg-desktop:transparent none;--_ga-zi-desktop:auto;--_ga-d-desktop:flex;--_ga-mw-desktop:calc(100% - 0 - 0);--_ga-m-tablet:0 0 0 0;--_ga-p-tablet:0 0 0 0;--_ga-bg-tablet:transparent none;--_ga-zi-tablet:auto;--_ga-d-tablet:flex;--_ga-mw-tablet:calc(100% - 0 - 0);--_ga-m-mobile:0 0 0 0;--_ga-p-mobile:0 0 0 0;--_ga-bg-mobile:transparent none;--_ga-zi-mobile:auto;--_ga-d-mobile:flex;--_ga-mw-mobile:calc(100% - 0 - 0)\">\n\n<p class=\"has-text-align-center counter-h\">EIN HAUCH DER MODERNIT\u00c4T\n        <\/p>\n\n\n\n<h2 class=\"wp-block-heading has-text-align-center\">DUCHI VIS \u00c0 VIS APARTMENTS<\/h2>\n\n<\/div>\n\n<div class=\"grids-area animated fadeInLeft\" style=\"--_ga-column:1\/11;--_ga-row:3\/7;--_ga-m-desktop:0 0 0 0;--_ga-p-desktop:0 0 0 0;--_ga-bg-desktop:transparent none;--_ga-zi-desktop:auto;--_ga-d-desktop:flex;--_ga-mw-desktop:calc(100% - 0 - 0);--_ga-m-tablet:0 0 0 0;--_ga-p-tablet:0 0 0 0;--_ga-bg-tablet:transparent none;--_ga-zi-tablet:auto;--_ga-d-tablet:flex;--_ga-mw-tablet:calc(100% - 0 - 0);--_ga-m-mobile:0 0 0 0;--_ga-p-mobile:0 0 0 0;--_ga-bg-mobile:transparent none;--_ga-zi-mobile:auto;--_ga-d-mobile:flex;--_ga-mw-mobile:calc(100% - 0 - 0)\">\n\n<div class=\"apartments-list-container apartments-list-container-rtl\" id=\"apartmentsSlider_3\">\n\t\t\t<div class=\"slider\">\n\t\t\t<div class=\"swiper-wrapper\">\n\t\t\t\t<div class=\"apartments-list-container-single swiper-slide\" onclick=\"location.href='https:\/\/duchiluxuryapartments.it\/de\/apartment\/rooftop-apartment\/'\">\n\t\t\t\t<a href=\"https:\/\/duchiluxuryapartments.it\/de\/apartment\/rooftop-apartment\/\">\n\t\t\t\t\t\t\t\t\t\t\t<span class=\"label\">Der Ausblick        <\/span>\n\t\t\t\t\t\n\t\t\t\t\t<figure class=\"full-width apartments-list-container-single-img\">\n\t\t\t\t\t\t<img decoding=\"async\" src=\"https:\/\/duchiluxuryapartments.it\/wp-content\/uploads\/2023\/11\/Rooftop-apartment-above-the-fold.jpg'\" alt=\"L'immagine mostra un terrazzo urbano con vista sui tetti, seduta esterna nera e tavolino rotondo.\" \/>\n\t\t\t\t\t<\/figure>\n\n\t\t\t\t\t<h3 class=\"apartments-list-container-single-title\">Zwei Schlafzimmer und Terrasse, Aparthotel B&amp;B im Anbau<\/h3>\n\t\t\t\t<\/a>\n\t\t\t<\/div>\n\t\t\t\t\t\t<div class=\"apartments-list-container-single swiper-slide\" onclick=\"location.href='https:\/\/duchiluxuryapartments.it\/de\/apartment\/top-well-apartments\/'\">\n\t\t\t\t<a href=\"https:\/\/duchiluxuryapartments.it\/de\/apartment\/top-well-apartments\/\">\n\t\t\t\t\t\n\t\t\t\t\t<figure class=\"full-width apartments-list-container-single-img\">\n\t\t\t\t\t\t<img decoding=\"async\" src=\"https:\/\/duchiluxuryapartments.it\/wp-content\/uploads\/2023\/11\/Top-Well-Apartments-above-the-fold.jpg'\" alt=\"L'immagine mostra un soggiorno con cucina a vista. C'\u00e8 un divano blu, un tappeto grigio, un tavolino e uno specchio a forma di goccia.\" \/>\n\t\t\t\t\t<\/figure>\n\n\t\t\t\t\t<h3 class=\"apartments-list-container-single-title\">Exklusives Familien-Aparthotel B&amp;B im Anbau<\/h3>\n\t\t\t\t<\/a>\n\t\t\t<\/div>\n\t\t\t\t\t\t<div class=\"apartments-list-container-single swiper-slide\" onclick=\"location.href='https:\/\/duchiluxuryapartments.it\/de\/apartment\/sea-well-apartments\/'\">\n\t\t\t\t<a href=\"https:\/\/duchiluxuryapartments.it\/de\/apartment\/sea-well-apartments\/\">\n\t\t\t\t\t\n\t\t\t\t\t<figure class=\"full-width apartments-list-container-single-img\">\n\t\t\t\t\t\t<img decoding=\"async\" src=\"https:\/\/duchiluxuryapartments.it\/wp-content\/uploads\/2023\/11\/Sea-well-apartments-above-the-fold.jpg'\" alt=\"La foto mostra una stanza da letto con arredamento semplice e moderno. Il letto \u00e8 grande con lenzuola bianche e un piumino.\" \/>\n\t\t\t\t\t<\/figure>\n\n\t\t\t\t\t<h3 class=\"apartments-list-container-single-title\">Smart Aparthotel B&amp;B im Anbau<\/h3>\n\t\t\t\t<\/a>\n\t\t\t<\/div>\n\t\t\t\t\t\t\t<\/div>\n\t\t<\/div>\n\t\t<!--<div class=\"slider-list-navigation\">\n\t\t\t<div class=\"swiper-button-prev\"><\/div>\n\t\t\t<div class=\"swiper-pagination\"><\/div>\n\t\t\t<div class=\"swiper-button-next\"><\/div>\n\t\t<\/div>-->\n\t<\/div>\n\n\t<script type=\"text\/javascript\">\n\t\tjQuery(document).ready(function () {\n\t\t\t\/\/ initialize swiper when document ready\n\t\t\tvar apartmentsSlider_3 = new Swiper ('#apartmentsSlider_3 .slider', {\n\t\t\t\tslidesPerView: 'auto',\n\t\t\t\tspaceBetween: 0,\n\t\t\t\tpagination: {\n                    el: '#apartmentsSlider_3 .slider-list-navigation .swiper-pagination',\n                    clickable: true\n                },\n\t\t\t\tnavigation: {\n\t\t\t\t\tnextEl: '#apartmentsSlider_3 .slider-list-navigation .swiper-button-next',\n\t\t\t\t\tprevEl: '#apartmentsSlider_3 .slider-list-navigation .swiper-button-prev',\n\t\t\t\t}\n\t\t\t});\n\t\t});\n\t<\/script>\n\n\n<\/div>\n<\/div><\/div>\n\n<div  class=\"grids-section services-icons-row grids-is-advanced alignwide\" style=\"--_gs-gap-desktop:0px 0px;--_gs-m-desktop:0 0 0 0;--_gs-p-desktop:0 0 0 0;--_gs-bg-desktop:#f5f5f5 none;--_gs-bg-xp-desktop:0px;--_gs-zi-desktop:auto;--_gs-d-desktop:block;--_gs-mw-desktop:calc(100% - 0 - 0);--_gs-gap-tablet:0px 0px;--_gs-m-tablet:0 0 0 0;--_gs-p-tablet:0 0 0 0;--_gs-bg-tablet:#f5f5f5 none;--_gs-bg-xp-tablet:0px;--_gs-zi-tablet:auto;--_gs-d-tablet:block;--_gs-mw-tablet:calc(100% - 0 - 0);--_gs-gap-mobile:0px 0px;--_gs-m-mobile:0 0 0 0;--_gs-p-mobile:0 0 0 0;--_gs-bg-mobile:#f5f5f5 none;--_gs-bg-xp-mobile:0px;--_gs-zi-mobile:auto;--_gs-d-mobile:block;--_gs-mw-mobile:calc(100% - 0 - 0);--_gs-columns:12;--_gs-rows:6\"><div class=\"grids-s-w_i\">\n<div class=\"grids-area animated fadeInLeft\" style=\"--_ga-column:1\/13;--_ga-row:1\/7;--_ga-m-desktop:0 0 0 0;--_ga-p-desktop:0 0 0 0;--_ga-bg-desktop:transparent none;--_ga-zi-desktop:auto;--_ga-d-desktop:flex;--_ga-mw-desktop:calc(100% - 0 - 0);--_ga-m-tablet:0 0 0 0;--_ga-p-tablet:0 0 0 0;--_ga-bg-tablet:transparent none;--_ga-zi-tablet:auto;--_ga-d-tablet:flex;--_ga-mw-tablet:calc(100% - 0 - 0);--_ga-m-mobile:0 0 0 0;--_ga-p-mobile:0 0 0 0;--_ga-bg-mobile:transparent none;--_ga-zi-mobile:auto;--_ga-d-mobile:flex;--_ga-mw-mobile:calc(100% - 0 - 0)\">\n\n<p class=\"has-text-align-center counter-h\">MAXIMALER KOMFORT\n        <\/p>\n\n\n\n<div class=\"wp-block-columns is-layout-flex wp-container-core-columns-is-layout-9d6595d7 wp-block-columns-is-layout-flex\">\n<div class=\"wp-block-column animated fadeInUp is-layout-flow wp-block-column-is-layout-flow\">\n<i class=\"fa-solid fa-bell-concierge\"><\/i>\n\n\n\n<p class=\"has-text-align-center\">24-Stunden Rezeption\n        <\/p>\n<\/div>\n\n\n\n<div class=\"wp-block-column animated fadeInUp delay-100ms is-layout-flow wp-block-column-is-layout-flow\">\n<i class=\"fa-solid fa-broom-wide\"><\/i>\n\n\n\n<p class=\"has-text-align-center\">T\u00e4gliche Reinigung\n        <\/p>\n<\/div>\n\n\n\n<div class=\"wp-block-column animated fadeInUp delay-200ms is-layout-flow wp-block-column-is-layout-flow\">\n<i class=\"fa-solid fa-map-pin\"><\/i>\n\n\n\n<p class=\"has-text-align-center\">Strategische Lage\n        <\/p>\n<\/div>\n\n\n\n<div class=\"wp-block-column animated fadeInUp delay-500ms is-layout-flow wp-block-column-is-layout-flow\">\n<i class=\"fa-solid fa-square-parking\"><\/i>\n\n\n\n<p class=\"has-text-align-center\">Parkplatz\n        <\/p>\n<\/div>\n\n\n\n<div class=\"wp-block-column animated fadeInUp delay-1s is-layout-flow wp-block-column-is-layout-flow\">\n<i class=\"fa-solid fa-spray-can-sparkles\"><\/i>\n\n\n\n<p class=\"has-text-align-center\">Pflegeset\n        <\/p>\n<\/div>\n<\/div>\n\n<\/div>\n<\/div><\/div>\n\n\n<div class=\"wp-block-group divider animated slideInLeft\"><div class=\"wp-block-group__inner-container is-layout-constrained wp-block-group-is-layout-constrained\">\n<hr class=\"wp-block-separator has-alpha-channel-opacity\"\/>\n\n\n\n<p class=\"has-text-align-center\">Diese Wohnungen werden Sie mit ihrem modernen, umh\u00fcllenden Charme bezaubern\n        <\/p>\n<\/div><\/div>\n\n\n\n<div style=\"height:40px\" aria-hidden=\"true\" class=\"wp-block-spacer\"><\/div>\n\n\n<div  class=\"grids-section grids-is-advanced alignwide\" style=\"--_gs-gap-desktop:0px 0px;--_gs-m-desktop:0 0 0 0;--_gs-p-desktop:0 0 0 0;--_gs-bg-desktop:#f5f5f5 none;--_gs-bg-xp-desktop:0px;--_gs-zi-desktop:auto;--_gs-d-desktop:block;--_gs-mw-desktop:calc(100% - 0 - 0);--_gs-gap-tablet:0px 0px;--_gs-m-tablet:0 0 0 0;--_gs-p-tablet:0 0 0 0;--_gs-bg-tablet:#f5f5f5 none;--_gs-bg-xp-tablet:0px;--_gs-zi-tablet:auto;--_gs-d-tablet:block;--_gs-mw-tablet:calc(100% - 0 - 0);--_gs-gap-mobile:0px 0px;--_gs-m-mobile:0 0 0 0;--_gs-p-mobile:0 0 0 0;--_gs-bg-mobile:#f5f5f5 none;--_gs-bg-xp-mobile:0px;--_gs-zi-mobile:auto;--_gs-d-mobile:block;--_gs-mw-mobile:calc(100% - 0 - 0);--_gs-columns:12;--_gs-rows:6\"><div class=\"grids-s-w_i\">\n<div class=\"grids-area\" style=\"--_ga-column:1\/13;--_ga-row:1\/7;--_ga-va:center;--_ga-m-desktop:0 0 0 0;--_ga-p-desktop:0 0 0 0;--_ga-bg-desktop:transparent none;--_ga-zi-desktop:auto;--_ga-d-desktop:flex;--_ga-mw-desktop:calc(100% - 0 - 0);--_ga-m-tablet:0 0 0 0;--_ga-p-tablet:0 0 0 0;--_ga-bg-tablet:transparent none;--_ga-zi-tablet:auto;--_ga-d-tablet:flex;--_ga-mw-tablet:calc(100% - 0 - 0);--_ga-m-mobile:0 0 0 0;--_ga-p-mobile:0 0 0 0;--_ga-bg-mobile:transparent none;--_ga-zi-mobile:auto;--_ga-d-mobile:flex;--_ga-mw-mobile:calc(100% - 0 - 0)\">\n\n\n<script type=\"text\/javascript\">\n    jQuery(document).ready(function () {\n        \/\/ initialize swiper when document ready\n\n        if (window.innerWidth <= 575) {\n            var verticalSlider_4 = new Swiper ('#verticalSlider_4 .slider', {\n                slidesPerView: 'auto',\n                pagination: {\n                    el: '#verticalSlider_4 .slider-list-navigation .swiper-pagination',\n                    type: \"fraction\"\n                },\n                navigation: {\n                    nextEl: '#verticalSlider_4 .slider-list-navigation .swiper-button-next',\n                    prevEl: '#verticalSlider_4 .slider-list-navigation .swiper-button-prev',\n                }\n            });\n\n            jQuery('#verticalSlider_4 .swiper-slide').each( function( i ) {\n                var photo = jQuery(this).find('figure');\n                var content = jQuery(this).find('div.content').find('h2');\n                var counter = jQuery(this).find('p.counter-h');\n                \n                counter.addClass('has-text-align-center');\n                photo.insertAfter(content);\n            });\n        } else {\n            var verticalSlider_4 = new Swiper ('#verticalSlider_4 .slider', {\n                slidesPerView: 1,\n                direction: \"vertical\",\n                pagination: {\n                    el: '#verticalSlider_4 .slider-list-navigation .swiper-pagination',\n                    type: \"fraction\"\n                },\n                navigation: {\n                    nextEl: '#verticalSlider_4 .slider-list-navigation .swiper-button-next',\n                    prevEl: '#verticalSlider_4 .slider-list-navigation .swiper-button-prev',\n                }\n            });\n        }\n    });\n<\/script>\n\n<\/div>\n<\/div><\/div>\n\n<div  class=\"grids-section reviews-row grids-is-advanced alignwide\" style=\"--_gs-gap-desktop:0px 0px;--_gs-m-desktop:0 0 0 0;--_gs-p-desktop:0 0 0 0;--_gs-bg-desktop:transparent none;--_gs-bg-xp-desktop:0px;--_gs-zi-desktop:auto;--_gs-d-desktop:block;--_gs-mw-desktop:calc(100% - 0 - 0);--_gs-gap-tablet:0px 0px;--_gs-m-tablet:0 0 0 0;--_gs-p-tablet:0 0 0 0;--_gs-bg-tablet:transparent none;--_gs-bg-xp-tablet:0px;--_gs-zi-tablet:auto;--_gs-d-tablet:block;--_gs-mw-tablet:calc(100% - 0 - 0);--_gs-gap-mobile:0px 0px;--_gs-m-mobile:0 0 0 0;--_gs-p-mobile:0 0 0 0;--_gs-bg-mobile:transparent none;--_gs-bg-xp-mobile:0px;--_gs-zi-mobile:auto;--_gs-d-mobile:block;--_gs-mw-mobile:calc(100% - 0 - 0);--_gs-columns:12;--_gs-rows:6\"><div class=\"grids-s-w_i\">\n<div class=\"grids-area animated fadeInRight\" style=\"--_ga-column:1\/13;--_ga-row:1\/2;--_ga-m-desktop:0 0 0 0;--_ga-p-desktop:0 0 0 0;--_ga-bg-desktop:transparent none;--_ga-zi-desktop:auto;--_ga-d-desktop:flex;--_ga-mw-desktop:calc(100% - 0 - 0);--_ga-m-tablet:0 0 0 0;--_ga-p-tablet:0 0 0 0;--_ga-bg-tablet:transparent none;--_ga-zi-tablet:auto;--_ga-d-tablet:flex;--_ga-mw-tablet:calc(100% - 0 - 0);--_ga-m-mobile:0 0 0 0;--_ga-p-mobile:0 0 0 0;--_ga-bg-mobile:transparent none;--_ga-zi-mobile:auto;--_ga-d-mobile:flex;--_ga-mw-mobile:calc(100% - 0 - 0)\">\n\n<p class=\"has-text-align-center counter-h\">ERZ\u00c4HLUNGEN\n        <\/p>\n\n<\/div>\n\n<div class=\"grids-area review-box animated fadeInUp\" style=\"--_ga-column:1\/7;--_ga-row:2\/7;--_ga-m-desktop:0 0 0 0;--_ga-p-desktop:0 0 0 0;--_ga-bg-desktop:transparent none;--_ga-zi-desktop:auto;--_ga-d-desktop:flex;--_ga-mw-desktop:calc(100% - 0 - 0);--_ga-m-tablet:0 0 0 0;--_ga-p-tablet:0 0 0 0;--_ga-bg-tablet:transparent none;--_ga-zi-tablet:auto;--_ga-d-tablet:flex;--_ga-mw-tablet:calc(100% - 0 - 0);--_ga-m-mobile:0 0 0 0;--_ga-p-mobile:0 0 0 0;--_ga-bg-mobile:transparent none;--_ga-zi-mobile:auto;--_ga-d-mobile:flex;--_ga-mw-mobile:calc(100% - 0 - 0)\">\n\n<figure class=\"wp-block-image size-full full-width\"><img loading=\"lazy\" decoding=\"async\" width=\"676\" height=\"597\" src=\"https:\/\/duchiluxuryapartments.it\/wp-content\/uploads\/2023\/11\/Racconti-02.jpg\" alt=\"Camera da letto accogliente sottotetto con travi a vista e decorazioni artistiche.\" class=\"wp-image-6938\" srcset=\"https:\/\/duchiluxuryapartments.it\/wp-content\/uploads\/2023\/11\/Racconti-02.jpg 676w, https:\/\/duchiluxuryapartments.it\/wp-content\/uploads\/2023\/11\/Racconti-02-300x265.jpg 300w, https:\/\/duchiluxuryapartments.it\/wp-content\/uploads\/2023\/11\/Racconti-02-500x442.jpg 500w\" sizes=\"auto, (max-width: 676px) 100vw, 676px\" \/><\/figure>\n\n\n\n<div class=\"review-description\"><ul class=\"stars\"><li><i class=\"fa-solid fa-star\"><\/i><\/li><li><i class=\"fa-solid fa-star\"><\/i><\/li><li><i class=\"fa-solid fa-star\"><\/i><\/li><li><i class=\"fa-solid fa-star\"><\/i><\/li><li><i class=\"fa-solid fa-star\"><\/i><\/li><\/ul> Der Palazzo Pitteri ist ein Geb\u00e4ude aus dem 18. Jahrhundert mit Blick auf die Piazza Unit\u00e0 d&#8217;Italia. Die richtige Wahl f\u00fcr Ihren Aufenthalt.\n        <\/div>\n\n<\/div>\n\n<div class=\"grids-area review-box animated fadeInUp\" style=\"--_ga-column:7\/13;--_ga-row:2\/7;--_ga-m-desktop:0 0 0 0;--_ga-p-desktop:0 0 0 0;--_ga-bg-desktop:transparent none;--_ga-zi-desktop:auto;--_ga-d-desktop:flex;--_ga-mw-desktop:calc(100% - 0 - 0);--_ga-m-tablet:0 0 0 0;--_ga-p-tablet:0 0 0 0;--_ga-bg-tablet:transparent none;--_ga-zi-tablet:auto;--_ga-d-tablet:flex;--_ga-mw-tablet:calc(100% - 0 - 0);--_ga-m-mobile:0 0 0 0;--_ga-p-mobile:0 0 0 0;--_ga-bg-mobile:transparent none;--_ga-zi-mobile:auto;--_ga-d-mobile:flex;--_ga-mw-mobile:calc(100% - 0 - 0)\">\n\n<figure class=\"wp-block-image size-full full-width\"><img loading=\"lazy\" decoding=\"async\" width=\"676\" height=\"597\" src=\"https:\/\/duchiluxuryapartments.it\/wp-content\/uploads\/2023\/11\/Racconti-01.jpg\" alt=\"Soggiorno luminoso con divano blu, tavolo da pranzo rotondo marmoreo e quadro moderno.\" class=\"wp-image-6935\" title=\"full-width\n        \" srcset=\"https:\/\/duchiluxuryapartments.it\/wp-content\/uploads\/2023\/11\/Racconti-01.jpg 676w, https:\/\/duchiluxuryapartments.it\/wp-content\/uploads\/2023\/11\/Racconti-01-300x265.jpg 300w, https:\/\/duchiluxuryapartments.it\/wp-content\/uploads\/2023\/11\/Racconti-01-500x442.jpg 500w\" sizes=\"auto, (max-width: 676px) 100vw, 676px\" \/><\/figure>\n\n\n\n<div class=\"review-description\"><ul class=\"stars\"><li><i class=\"fa-solid fa-star\"><\/i><\/li><li><i class=\"fa-solid fa-star\"><\/i><\/li><li><i class=\"fa-solid fa-star\"><\/i><\/li><li><i class=\"fa-solid fa-star\"><\/i><\/li><li><i class=\"fa-solid fa-star\"><\/i><\/li><\/ul> Der Standort der Wohnung ist traumhaft und die Aussicht ist spektakul\u00e4r.\n         Sie werden sich in dieser Wohnung, in der Sauberkeit und Herzlichkeit herrschen, sofort zu Hause f\u00fchlen.\n         Das Personal ist sehr professionell.\n        <\/div>\n\n<\/div>\n<\/div><\/div>\n\n<div  class=\"grids-section animated fadeInUp grids-is-advanced alignwide\" style=\"--_gs-gap-desktop:0px 0px;--_gs-m-desktop:0 0 0 0;--_gs-p-desktop:0 0 0 0;--_gs-bg-desktop:transparent none;--_gs-bg-xp-desktop:0px;--_gs-zi-desktop:auto;--_gs-d-desktop:block;--_gs-mw-desktop:calc(100% - 0 - 0);--_gs-gap-tablet:0px 0px;--_gs-m-tablet:0 0 0 0;--_gs-p-tablet:0 0 0 0;--_gs-bg-tablet:transparent none;--_gs-bg-xp-tablet:0px;--_gs-zi-tablet:auto;--_gs-d-tablet:block;--_gs-mw-tablet:calc(100% - 0 - 0);--_gs-gap-mobile:0px 0px;--_gs-m-mobile:0 0 0 0;--_gs-p-mobile:0 0 0 0;--_gs-bg-mobile:transparent none;--_gs-bg-xp-mobile:0px;--_gs-zi-mobile:auto;--_gs-d-mobile:block;--_gs-mw-mobile:calc(100% - 0 - 0);--_gs-columns:12;--_gs-rows:6\"><div class=\"grids-s-w_i\">\n<div class=\"grids-area\" style=\"--_ga-column:1\/13;--_ga-row:1\/7;--_ga-m-desktop:0 0 0 0;--_ga-p-desktop:0 0 0 0;--_ga-bg-desktop:transparent none;--_ga-zi-desktop:auto;--_ga-d-desktop:flex;--_ga-mw-desktop:calc(100% - 0 - 0);--_ga-m-tablet:0 0 0 0;--_ga-p-tablet:0 0 0 0;--_ga-bg-tablet:transparent none;--_ga-zi-tablet:auto;--_ga-d-tablet:flex;--_ga-mw-tablet:calc(100% - 0 - 0);--_ga-m-mobile:0 0 0 0;--_ga-p-mobile:0 0 0 0;--_ga-bg-mobile:transparent none;--_ga-zi-mobile:auto;--_ga-d-mobile:flex;--_ga-mw-mobile:calc(100% - 0 - 0)\">\n\n\n\n\n<\/div>\n<\/div><\/div>","protected":false},"excerpt":{"rendered":"<p>Diese Wohnungen werden Sie mit ihrem modernen, umh\u00fcllenden Charme bezaubern<\/p>\n","protected":false},"author":1,"featured_media":0,"parent":0,"menu_order":0,"comment_status":"closed","ping_status":"closed","template":"","meta":{"_acf_changed":false,"advgb_blocks_editor_width":"","advgb_blocks_columns_visual_guide":"","footnotes":""},"class_list":["post-7654","page","type-page","status-publish","hentry","entry"],"acf":[],"yoast_head":"<!-- This site is optimized with the Yoast SEO plugin v26.3 - https:\/\/yoast.com\/wordpress\/plugins\/seo\/ -->\n<title>Duchi Luxury Apartments \u2013 Elegante Wohnungen in Triest<\/title>\n<meta name=\"description\" content=\"Verbringen Sie einen angenehmen Aufenthalt in Triest in einem unserer eleganten und modernen Apartments im Herzen der Stadt!\" \/>\n<meta name=\"robots\" content=\"index, follow, max-snippet:-1, max-image-preview:large, max-video-preview:-1\" \/>\n<link rel=\"canonical\" href=\"https:\/\/duchiluxuryapartments.it\/de\/\" \/>\n<meta property=\"og:locale\" content=\"de_DE\" \/>\n<meta property=\"og:type\" content=\"article\" \/>\n<meta property=\"og:title\" content=\"Duchi Luxury Apartments \u2013 Elegante Wohnungen in Triest\" \/>\n<meta property=\"og:description\" content=\"Verbringen Sie einen angenehmen Aufenthalt in Triest in einem unserer eleganten und modernen Apartments im Herzen der Stadt!\" \/>\n<meta property=\"og:url\" content=\"https:\/\/duchiluxuryapartments.it\/de\/\" \/>\n<meta property=\"og:site_name\" content=\"Duchi Aparthotels\" \/>\n<meta property=\"article:publisher\" content=\"https:\/\/www.facebook.com\/Hotel.Duchi.Trieste\" \/>\n<meta property=\"article:modified_time\" content=\"2025-12-05T10:49:50+00:00\" \/>\n<meta property=\"og:image\" content=\"https:\/\/duchiluxuryapartments.it\/wp-content\/uploads\/2023\/11\/Posizione-perfetta-foto-aerea-1.webp\" \/>\n\t<meta property=\"og:image:width\" content=\"1920\" \/>\n\t<meta property=\"og:image:height\" content=\"1270\" \/>\n\t<meta property=\"og:image:type\" content=\"image\/webp\" \/>\n<meta name=\"twitter:card\" content=\"summary_large_image\" \/>\n<meta name=\"twitter:label1\" content=\"Gesch\u00e4tzte Lesezeit\" \/>\n\t<meta name=\"twitter:data1\" content=\"2\u00a0Minuten\" \/>\n<script type=\"application\/ld+json\" class=\"yoast-schema-graph\">{\"@context\":\"https:\/\/schema.org\",\"@graph\":[{\"@type\":\"WebPage\",\"@id\":\"https:\/\/duchiluxuryapartments.it\/de\/\",\"url\":\"https:\/\/duchiluxuryapartments.it\/de\/\",\"name\":\"Duchi Luxury Apartments \u2013 Elegante Wohnungen in Triest\",\"isPartOf\":{\"@id\":\"https:\/\/duchiluxuryapartments.it\/de\/#website\"},\"primaryImageOfPage\":{\"@id\":\"https:\/\/duchiluxuryapartments.it\/de\/#primaryimage\"},\"image\":{\"@id\":\"https:\/\/duchiluxuryapartments.it\/de\/#primaryimage\"},\"thumbnailUrl\":\"https:\/\/duchiluxuryapartments.it\/wp-content\/uploads\/2023\/11\/Posizione-perfetta-foto-aerea-1.webp\",\"datePublished\":\"2023-12-14T14:15:32+00:00\",\"dateModified\":\"2025-12-05T10:49:50+00:00\",\"description\":\"Verbringen Sie einen angenehmen Aufenthalt in Triest in einem unserer eleganten und modernen Apartments im Herzen der Stadt!\",\"breadcrumb\":{\"@id\":\"https:\/\/duchiluxuryapartments.it\/de\/#breadcrumb\"},\"inLanguage\":\"de\",\"potentialAction\":[{\"@type\":\"ReadAction\",\"target\":[\"https:\/\/duchiluxuryapartments.it\/de\/\"]}]},{\"@type\":\"ImageObject\",\"inLanguage\":\"de\",\"@id\":\"https:\/\/duchiluxuryapartments.it\/de\/#primaryimage\",\"url\":\"https:\/\/duchiluxuryapartments.it\/wp-content\/uploads\/2023\/11\/Posizione-perfetta-foto-aerea-1.webp\",\"contentUrl\":\"https:\/\/duchiluxuryapartments.it\/wp-content\/uploads\/2023\/11\/Posizione-perfetta-foto-aerea-1.webp\"},{\"@type\":\"BreadcrumbList\",\"@id\":\"https:\/\/duchiluxuryapartments.it\/de\/#breadcrumb\",\"itemListElement\":[{\"@type\":\"ListItem\",\"position\":1,\"name\":\"Home\",\"item\":\"https:\/\/duchiluxuryapartments.it\/de\/\"},{\"@type\":\"ListItem\",\"position\":2,\"name\":\"Home\"}]},{\"@type\":\"WebSite\",\"@id\":\"https:\/\/duchiluxuryapartments.it\/de\/#website\",\"url\":\"https:\/\/duchiluxuryapartments.it\/de\/\",\"name\":\"Duchi Aparthotels\",\"description\":\"\",\"publisher\":{\"@id\":\"https:\/\/duchiluxuryapartments.it\/de\/#organization\"},\"potentialAction\":[{\"@type\":\"SearchAction\",\"target\":{\"@type\":\"EntryPoint\",\"urlTemplate\":\"https:\/\/duchiluxuryapartments.it\/de\/?s={search_term_string}\"},\"query-input\":{\"@type\":\"PropertyValueSpecification\",\"valueRequired\":true,\"valueName\":\"search_term_string\"}}],\"inLanguage\":\"de\"},{\"@type\":\"Organization\",\"@id\":\"https:\/\/duchiluxuryapartments.it\/de\/#organization\",\"name\":\"Duchi Aparthotels\",\"url\":\"https:\/\/duchiluxuryapartments.it\/de\/\",\"logo\":{\"@type\":\"ImageObject\",\"inLanguage\":\"de\",\"@id\":\"https:\/\/duchiluxuryapartments.it\/de\/#\/schema\/logo\/image\/\",\"url\":\"https:\/\/duchiluxuryapartments.it\/wp-content\/uploads\/2023\/07\/logo-duchi-daosta.svg\",\"contentUrl\":\"https:\/\/duchiluxuryapartments.it\/wp-content\/uploads\/2023\/07\/logo-duchi-daosta.svg\",\"caption\":\"Duchi Aparthotels\"},\"image\":{\"@id\":\"https:\/\/duchiluxuryapartments.it\/de\/#\/schema\/logo\/image\/\"},\"sameAs\":[\"https:\/\/www.facebook.com\/Hotel.Duchi.Trieste\",\"https:\/\/www.instagram.com\/duchitrieste\/\",\"https:\/\/www.linkedin.com\/company\/grand-hotel-duchi-d-aosta-harry-s-piccolo-bistr-trieste\/\"]}]}<\/script>\n<!-- \/ Yoast SEO plugin. -->","yoast_head_json":{"title":"Duchi Luxury Apartments \u2013 Elegante Wohnungen in Triest","description":"Verbringen Sie einen angenehmen Aufenthalt in Triest in einem unserer eleganten und modernen Apartments im Herzen der Stadt!","robots":{"index":"index","follow":"follow","max-snippet":"max-snippet:-1","max-image-preview":"max-image-preview:large","max-video-preview":"max-video-preview:-1"},"canonical":"https:\/\/duchiluxuryapartments.it\/de\/","og_locale":"de_DE","og_type":"article","og_title":"Duchi Luxury Apartments \u2013 Elegante Wohnungen in Triest","og_description":"Verbringen Sie einen angenehmen Aufenthalt in Triest in einem unserer eleganten und modernen Apartments im Herzen der Stadt!","og_url":"https:\/\/duchiluxuryapartments.it\/de\/","og_site_name":"Duchi Aparthotels","article_publisher":"https:\/\/www.facebook.com\/Hotel.Duchi.Trieste","article_modified_time":"2025-12-05T10:49:50+00:00","og_image":[{"width":1920,"height":1270,"url":"https:\/\/duchiluxuryapartments.it\/wp-content\/uploads\/2023\/11\/Posizione-perfetta-foto-aerea-1.webp","type":"image\/webp"}],"twitter_card":"summary_large_image","twitter_misc":{"Gesch\u00e4tzte Lesezeit":"2\u00a0Minuten"},"schema":{"@context":"https:\/\/schema.org","@graph":[{"@type":"WebPage","@id":"https:\/\/duchiluxuryapartments.it\/de\/","url":"https:\/\/duchiluxuryapartments.it\/de\/","name":"Duchi Luxury Apartments \u2013 Elegante Wohnungen in Triest","isPartOf":{"@id":"https:\/\/duchiluxuryapartments.it\/de\/#website"},"primaryImageOfPage":{"@id":"https:\/\/duchiluxuryapartments.it\/de\/#primaryimage"},"image":{"@id":"https:\/\/duchiluxuryapartments.it\/de\/#primaryimage"},"thumbnailUrl":"https:\/\/duchiluxuryapartments.it\/wp-content\/uploads\/2023\/11\/Posizione-perfetta-foto-aerea-1.webp","datePublished":"2023-12-14T14:15:32+00:00","dateModified":"2025-12-05T10:49:50+00:00","description":"Verbringen Sie einen angenehmen Aufenthalt in Triest in einem unserer eleganten und modernen Apartments im Herzen der Stadt!","breadcrumb":{"@id":"https:\/\/duchiluxuryapartments.it\/de\/#breadcrumb"},"inLanguage":"de","potentialAction":[{"@type":"ReadAction","target":["https:\/\/duchiluxuryapartments.it\/de\/"]}]},{"@type":"ImageObject","inLanguage":"de","@id":"https:\/\/duchiluxuryapartments.it\/de\/#primaryimage","url":"https:\/\/duchiluxuryapartments.it\/wp-content\/uploads\/2023\/11\/Posizione-perfetta-foto-aerea-1.webp","contentUrl":"https:\/\/duchiluxuryapartments.it\/wp-content\/uploads\/2023\/11\/Posizione-perfetta-foto-aerea-1.webp"},{"@type":"BreadcrumbList","@id":"https:\/\/duchiluxuryapartments.it\/de\/#breadcrumb","itemListElement":[{"@type":"ListItem","position":1,"name":"Home","item":"https:\/\/duchiluxuryapartments.it\/de\/"},{"@type":"ListItem","position":2,"name":"Home"}]},{"@type":"WebSite","@id":"https:\/\/duchiluxuryapartments.it\/de\/#website","url":"https:\/\/duchiluxuryapartments.it\/de\/","name":"Duchi Aparthotels","description":"","publisher":{"@id":"https:\/\/duchiluxuryapartments.it\/de\/#organization"},"potentialAction":[{"@type":"SearchAction","target":{"@type":"EntryPoint","urlTemplate":"https:\/\/duchiluxuryapartments.it\/de\/?s={search_term_string}"},"query-input":{"@type":"PropertyValueSpecification","valueRequired":true,"valueName":"search_term_string"}}],"inLanguage":"de"},{"@type":"Organization","@id":"https:\/\/duchiluxuryapartments.it\/de\/#organization","name":"Duchi Aparthotels","url":"https:\/\/duchiluxuryapartments.it\/de\/","logo":{"@type":"ImageObject","inLanguage":"de","@id":"https:\/\/duchiluxuryapartments.it\/de\/#\/schema\/logo\/image\/","url":"https:\/\/duchiluxuryapartments.it\/wp-content\/uploads\/2023\/07\/logo-duchi-daosta.svg","contentUrl":"https:\/\/duchiluxuryapartments.it\/wp-content\/uploads\/2023\/07\/logo-duchi-daosta.svg","caption":"Duchi Aparthotels"},"image":{"@id":"https:\/\/duchiluxuryapartments.it\/de\/#\/schema\/logo\/image\/"},"sameAs":["https:\/\/www.facebook.com\/Hotel.Duchi.Trieste","https:\/\/www.instagram.com\/duchitrieste\/","https:\/\/www.linkedin.com\/company\/grand-hotel-duchi-d-aosta-harry-s-piccolo-bistr-trieste\/"]}]}},"coauthors":[],"author_meta":{"author_link":"https:\/\/duchiluxuryapartments.it\/de\/author\/jampaa\/","display_name":"Jampaa"},"relative_dates":{"created":"Posted 2\u00a0Jahren ago","modified":"Updated 5\u00a0Monaten ago"},"absolute_dates":{"created":"Posted on 14\/12\/2023","modified":"Updated on 05\/12\/2025"},"absolute_dates_time":{"created":"Posted on 14\/12\/2023 15:15","modified":"Updated on 05\/12\/2025 11:49"},"featured_img_caption":"","featured_img":false,"series_order":"","_links":{"self":[{"href":"https:\/\/duchiluxuryapartments.it\/de\/wp-json\/wp\/v2\/pages\/7654","targetHints":{"allow":["GET"]}}],"collection":[{"href":"https:\/\/duchiluxuryapartments.it\/de\/wp-json\/wp\/v2\/pages"}],"about":[{"href":"https:\/\/duchiluxuryapartments.it\/de\/wp-json\/wp\/v2\/types\/page"}],"author":[{"embeddable":true,"href":"https:\/\/duchiluxuryapartments.it\/de\/wp-json\/wp\/v2\/users\/1"}],"replies":[{"embeddable":true,"href":"https:\/\/duchiluxuryapartments.it\/de\/wp-json\/wp\/v2\/comments?post=7654"}],"version-history":[{"count":8,"href":"https:\/\/duchiluxuryapartments.it\/de\/wp-json\/wp\/v2\/pages\/7654\/revisions"}],"predecessor-version":[{"id":9077,"href":"https:\/\/duchiluxuryapartments.it\/de\/wp-json\/wp\/v2\/pages\/7654\/revisions\/9077"}],"wp:attachment":[{"href":"https:\/\/duchiluxuryapartments.it\/de\/wp-json\/wp\/v2\/media?parent=7654"}],"curies":[{"name":"wp","href":"https:\/\/api.w.org\/{rel}","templated":true}]}}