{"id":7618,"date":"2023-12-13T10:08:02","date_gmt":"2023-12-13T09:08:02","guid":{"rendered":"https:\/\/duchiluxuryapartments.it\/apartment\/loft-unita\/"},"modified":"2025-11-11T08:41:20","modified_gmt":"2025-11-11T07:41:20","slug":"loft-unita","status":"publish","type":"apartment","link":"https:\/\/duchiluxuryapartments.it\/de\/apartment\/loft-unita\/","title":{"rendered":"Open Loft Aparthotel B&amp;B im Anbau"},"content":{"rendered":"<div  class=\"grids-section single-apartment-description animated fadeInLeft grids-is-advanced alignwide\" style=\"--_gs-gap-desktop:0px 0px;--_gs-m-desktop:0 0 0 0;--_gs-p-desktop:0 0 0 0;--_gs-bg-desktop:transparent none;--_gs-bg-xp-desktop:0px;--_gs-zi-desktop:auto;--_gs-d-desktop:block;--_gs-mw-desktop:calc(100% - 0 - 0);--_gs-gap-tablet:0px 0px;--_gs-m-tablet:0 0 0 0;--_gs-p-tablet:0 0 0 0;--_gs-bg-tablet:transparent none;--_gs-bg-xp-tablet:0px;--_gs-zi-tablet:auto;--_gs-d-tablet:block;--_gs-mw-tablet:calc(100% - 0 - 0);--_gs-gap-mobile:0px 0px;--_gs-m-mobile:0 0 0 0;--_gs-p-mobile:0 0 0 0;--_gs-bg-mobile:transparent none;--_gs-bg-xp-mobile:0px;--_gs-zi-mobile:auto;--_gs-d-mobile:block;--_gs-mw-mobile:calc(100% - 0 - 0);--_gs-columns:12;--_gs-rows:6\"><div class=\"grids-s-w_i\">\n<div class=\"grids-area\" style=\"--_ga-column:1\/13;--_ga-row:1\/7;--_ga-m-desktop:0 0 0 0;--_ga-p-desktop:0 0 0 0;--_ga-bg-desktop:transparent none;--_ga-zi-desktop:auto;--_ga-d-desktop:flex;--_ga-mw-desktop:calc(100% - 0 - 0);--_ga-m-tablet:0 0 0 0;--_ga-p-tablet:0 0 0 0;--_ga-bg-tablet:transparent none;--_ga-zi-tablet:auto;--_ga-d-tablet:flex;--_ga-mw-tablet:calc(100% - 0 - 0);--_ga-m-mobile:0 0 0 0;--_ga-p-mobile:0 0 0 0;--_ga-bg-mobile:transparent none;--_ga-zi-mobile:auto;--_ga-d-mobile:flex;--_ga-mw-mobile:calc(100% - 0 - 0)\">\n\n<h2 class=\"wp-block-heading has-text-align-center\">Gem\u00fctliche Open-Space-Wohnung\n        <\/h2>\n\n\n\n<p class=\"has-text-align-center\">Ein ger\u00e4umiges, modern designtes aparthotel Loft, das durch einen offenen Grundriss ohne Trennw\u00e4nde besticht. Ideal f\u00fcr alle, die eine flie\u00dfende und zeitgem\u00e4\u00dfe Wohnatmosph\u00e4re suchen. Diese Unterkunft befindet sich in einem separaten, aber angrenzenden Bereich des Duchi Vis \u00e0 Vis, was Privatsph\u00e4re und Ruhe garantiert. Auf Anfrage auch in derselben Kategorie mit zus\u00e4tzlichem Raum verf\u00fcgbar.<\/p>\n\n<\/div>\n<\/div><\/div>\n\n<div  class=\"grids-section animated fadeInUp grids-is-advanced alignwide\" style=\"--_gs-gap-desktop:0px 0px;--_gs-m-desktop:0 0 0 0;--_gs-p-desktop:0 0 0 0;--_gs-bg-desktop:transparent none;--_gs-bg-xp-desktop:0px;--_gs-zi-desktop:auto;--_gs-d-desktop:block;--_gs-mw-desktop:calc(100% - 0 - 0);--_gs-gap-tablet:0px 0px;--_gs-m-tablet:0 0 0 0;--_gs-p-tablet:0 0 0 0;--_gs-bg-tablet:transparent none;--_gs-bg-xp-tablet:0px;--_gs-zi-tablet:auto;--_gs-d-tablet:block;--_gs-mw-tablet:calc(100% - 0 - 0);--_gs-gap-mobile:0px 0px;--_gs-m-mobile:0 0 0 0;--_gs-p-mobile:0 0 0 0;--_gs-bg-mobile:transparent none;--_gs-bg-xp-mobile:0px;--_gs-zi-mobile:auto;--_gs-d-mobile:block;--_gs-mw-mobile:calc(100% - 0 - 0);--_gs-columns:12;--_gs-rows:6\"><div class=\"grids-s-w_i\">\n<div class=\"grids-area\" style=\"--_ga-column:1\/13;--_ga-row:1\/7;--_ga-m-desktop:0 0 0 0;--_ga-p-desktop:0 0 0 0;--_ga-bg-desktop:transparent none;--_ga-zi-desktop:auto;--_ga-d-desktop:flex;--_ga-mw-desktop:calc(100% - 0 - 0);--_ga-m-tablet:0 0 0 0;--_ga-p-tablet:0 0 0 0;--_ga-bg-tablet:transparent none;--_ga-zi-tablet:auto;--_ga-d-tablet:flex;--_ga-mw-tablet:calc(100% - 0 - 0);--_ga-m-mobile:0 0 0 0;--_ga-p-mobile:0 0 0 0;--_ga-bg-mobile:transparent none;--_ga-zi-mobile:auto;--_ga-d-mobile:flex;--_ga-mw-mobile:calc(100% - 0 - 0)\">\n<a href=\"https:\/\/duchiluxuryapartments.it\/it\/be\/\" class=\"btn btn-booking btn-center\" target=\"_blank\">Verf\u00fcgbarkeit pr\u00fcfen<\/a>\n\n\n\t<ul class=\"apartment-services-list apartment-services_evidence-list\">\n\t\t\t\t\t\t\t\t\t<li>\n\t\t\t\t\t<i class=\"fa-thin fa-expand-wide\"><\/i>\n\t\t\t\t\t<span>53 - 67 qm        <\/span>\n\t\t\t\t<\/li>\n\t\t\t\t\t\t\t<li>\n\t\t\t\t\t<i class=\"fa-thin fa-person\"><\/i>\n\t\t\t\t\t<span>2 Personen        <\/span>\n\t\t\t\t<\/li>\n\t\t\t\t\t\t\t<li>\n\t\t\t\t\t<i class=\"fa-thin fa-bed-front\"><\/i>\n\t\t\t\t\t<span>1 Zimmer        <\/span>\n\t\t\t\t<\/li>\n\t\t\t\t\t\t\t<li>\n\t\t\t\t\t<i class=\"fa-thin fa-shower\"><\/i>\n\t\t\t\t\t<span>1 Badezimmer mit Dusche        <\/span>\n\t\t\t\t<\/li>\n\t\t\t\t\t\t\t<li>\n\t\t\t\t\t<i class=\"fa-thin fa-croissant\"><\/i>\n\t\t\t\t\t<span>Fr\u00fchst\u00fcck inklusive<\/span>\n\t\t\t\t<\/li>\n\t\t\t\t\t\t<\/ul>\n\n\n<\/div>\n<\/div><\/div>\n\n<div  class=\"grids-section animated fadeInUp grids-is-advanced alignfull\" style=\"--_gs-gap-desktop:0px 0px;--_gs-m-desktop:0 0 0 0;--_gs-p-desktop:0 0 0 0;--_gs-bg-desktop:transparent none;--_gs-bg-xp-desktop:0px;--_gs-zi-desktop:auto;--_gs-d-desktop:block;--_gs-mw-desktop:calc(100% - 0 - 0);--_gs-gap-tablet:0px 0px;--_gs-m-tablet:0 0 0 0;--_gs-p-tablet:0 0 0 0;--_gs-bg-tablet:transparent none;--_gs-bg-xp-tablet:0px;--_gs-zi-tablet:auto;--_gs-d-tablet:block;--_gs-mw-tablet:calc(100% - 0 - 0);--_gs-gap-mobile:0px 0px;--_gs-m-mobile:0 0 0 0;--_gs-p-mobile:0 0 0 0;--_gs-bg-mobile:transparent none;--_gs-bg-xp-mobile:0px;--_gs-zi-mobile:auto;--_gs-d-mobile:block;--_gs-mw-mobile:calc(100% - 0 - 0);--_gs-columns:12;--_gs-rows:6\"><div class=\"grids-s-w_i\">\n<div class=\"grids-area\" style=\"--_ga-column:1\/13;--_ga-row:1\/7;--_ga-m-desktop:0 0 0 0;--_ga-p-desktop:0 0 0 0;--_ga-bg-desktop:transparent none;--_ga-zi-desktop:auto;--_ga-d-desktop:flex;--_ga-mw-desktop:calc(100% - 0 - 0);--_ga-m-tablet:0 0 0 0;--_ga-p-tablet:0 0 0 0;--_ga-bg-tablet:transparent none;--_ga-zi-tablet:auto;--_ga-d-tablet:flex;--_ga-mw-tablet:calc(100% - 0 - 0);--_ga-m-mobile:0 0 0 0;--_ga-p-mobile:0 0 0 0;--_ga-bg-mobile:transparent none;--_ga-zi-mobile:auto;--_ga-d-mobile:flex;--_ga-mw-mobile:calc(100% - 0 - 0)\">\n    <div class=\"slider-gallery-wrapper\" id=\"customGallery_apartment\">\n        <div class=\"swiper-wrapper\">\n                                            <div class=\"slider-gallery-single-image swiper-slide\">\n                    <figure class=\"full-width slider-gallery\">\n                        <img decoding=\"async\" src=\"https:\/\/duchiluxuryapartments.it\/wp-content\/uploads\/2023\/11\/duchi-d-aosta-apartments-loft-unita-01-1.jpg\" alt=\"Camera da letto accogliente con letto matrimoniale imbiancato, cuscini colorati, poltrona rossa, specchio decorativo e illuminazione calda.\" \/>\n                    <\/figure>\n                <\/div>\n                                            <div class=\"slider-gallery-single-image swiper-slide\">\n                    <figure class=\"full-width slider-gallery\">\n                        <img decoding=\"async\" src=\"https:\/\/duchiluxuryapartments.it\/wp-content\/uploads\/2023\/11\/duchi-d-aosta-apartments-loft-unita-02-1.jpg\" alt=\"Cucina minimalista con armadietti bianchi, piano di lavoro grigio, elettrodomestici moderni, decorazione a parete a forma di foglia e finestra con tende.\" \/>\n                    <\/figure>\n                <\/div>\n                                            <div class=\"slider-gallery-single-image swiper-slide\">\n                    <figure class=\"full-width slider-gallery\">\n                        <img decoding=\"async\" src=\"https:\/\/duchiluxuryapartments.it\/wp-content\/uploads\/2023\/11\/duchi-d-aosta-apartments-loft-unita-03-1.jpg\" alt=\"\" \/>\n                    <\/figure>\n                <\/div>\n                                            <div class=\"slider-gallery-single-image swiper-slide\">\n                    <figure class=\"full-width slider-gallery\">\n                        <img decoding=\"async\" src=\"https:\/\/duchiluxuryapartments.it\/wp-content\/uploads\/2023\/11\/duchi-d-aosta-apartments-loft-unita-05-1.jpg\" alt=\"\" \/>\n                    <\/figure>\n                <\/div>\n                    <\/div>\n\n        <div class=\"slider-list-navigation\">\n            <div class=\"swiper-pagination\"><\/div>\n        <\/div>\n\t<\/div>\n\n<script type=\"text\/javascript\">\n    jQuery(document).ready(function () {\n        \/\/ initialize swiper when document ready\n        var customGallery_apartment = new Swiper ('#customGallery_apartment', {\n            slidesPerView: 'auto',\n            spaceBetween: 0,\n            loop: true,\n            centeredSlides: true,\n            autoplay: {\n                delay: 2500,\n                disableOnInteraction: true,\n            },\n            pagination: {\n                el: '#customGallery_apartment .slider-list-navigation .swiper-pagination',\n                clickable: true\n            },\n        });\n    });\n<\/script>\n\n<\/div>\n<\/div><\/div>\n\n<div  class=\"grids-section apartment-services-row grids-is-advanced alignwide\" style=\"--_gs-gap-desktop:0px 0px;--_gs-m-desktop:0 0 0 0;--_gs-p-desktop:0 0 0 0;--_gs-bg-desktop:transparent none;--_gs-bg-xp-desktop:0px;--_gs-zi-desktop:auto;--_gs-d-desktop:block;--_gs-mw-desktop:calc(100% - 0 - 0);--_gs-gap-tablet:0px 0px;--_gs-m-tablet:0 0 0 0;--_gs-p-tablet:0 0 0 0;--_gs-bg-tablet:transparent none;--_gs-bg-xp-tablet:0px;--_gs-zi-tablet:auto;--_gs-d-tablet:block;--_gs-mw-tablet:calc(100% - 0 - 0);--_gs-gap-mobile:0px 0px;--_gs-m-mobile:0 0 0 0;--_gs-p-mobile:0 0 0 0;--_gs-bg-mobile:transparent none;--_gs-bg-xp-mobile:0px;--_gs-zi-mobile:auto;--_gs-d-mobile:block;--_gs-mw-mobile:calc(100% - 0 - 0);--_gs-columns:12;--_gs-rows:6\"><div class=\"grids-s-w_i\">\n<div class=\"grids-area animated fadeInLeft\" style=\"--_ga-column:1\/13;--_ga-row:1\/7;--_ga-m-desktop:0 0 0 0;--_ga-p-desktop:0 0 0 0;--_ga-bg-desktop:transparent none;--_ga-zi-desktop:auto;--_ga-d-desktop:flex;--_ga-mw-desktop:calc(100% - 0 - 0);--_ga-m-tablet:0 0 0 0;--_ga-p-tablet:0 0 0 0;--_ga-bg-tablet:transparent none;--_ga-zi-tablet:auto;--_ga-d-tablet:flex;--_ga-mw-tablet:calc(100% - 0 - 0);--_ga-m-mobile:0 0 0 0;--_ga-p-mobile:0 0 0 0;--_ga-bg-mobile:transparent none;--_ga-zi-mobile:auto;--_ga-d-mobile:flex;--_ga-mw-mobile:calc(100% - 0 - 0)\">\n\n<p class=\"counter-h\">DIENSTLEISTUNGEN\n        <\/p>\n\n\n\t<ul class=\"apartment-services-list apartment-services-list\">\n\t\t\t\t\t\t\t\t\t<li>\n\t\t\t\t\t<i class=\"fa-thin fa-window-frame-open\"><\/i>\n\t\t\t\t\t<span>Blick auf die Altstadt        <\/span>\n\t\t\t\t<\/li>\n\t\t\t\t\t\t\t<li>\n\t\t\t\t\t<i class=\"fa-thin fa-air-conditioner\"><\/i>\n\t\t\t\t\t<span>Klimatisierung        <\/span>\n\t\t\t\t<\/li>\n\t\t\t\t\t\t\t<li>\n\t\t\t\t\t<i class=\"fa-thin fa-tv\"><\/i>\n\t\t\t\t\t<span>Flachbildfernseher        <\/span>\n\t\t\t\t<\/li>\n\t\t\t\t\t\t\t<li>\n\t\t\t\t\t<i class=\"fa-thin fa-blanket\"><\/i>\n\t\t\t\t\t<span>Haushaltsw\u00e4sche        <\/span>\n\t\t\t\t<\/li>\n\t\t\t\t\t\t\t<li>\n\t\t\t\t\t<i class=\"fa-thin fa-washing-machine\"><\/i>\n\t\t\t\t\t<span>Geschirrsp\u00fcler und Waschmaschine        <\/span>\n\t\t\t\t<\/li>\n\t\t\t\t\t\t\t<li>\n\t\t\t\t\t<i class=\"fa-thin fa-shower\"><\/i>\n\t\t\t\t\t<span>Dusche        <\/span>\n\t\t\t\t<\/li>\n\t\t\t\t\t\t\t<li>\n\t\t\t\t\t<i class=\"fa-thin fa-wind\"><\/i>\n\t\t\t\t\t<span>Haartrockner        <\/span>\n\t\t\t\t<\/li>\n\t\t\t\t\t\t\t<li>\n\t\t\t\t\t<i class=\"fa-thin fa-pump-soap\"><\/i>\n\t\t\t\t\t<span>Pflegeset        <\/span>\n\t\t\t\t<\/li>\n\t\t\t\t\t\t\t<li>\n\t\t\t\t\t<i class=\"fa-thin fa-refrigerator\"><\/i>\n\t\t\t\t\t<span>K\u00fchlschrank        <\/span>\n\t\t\t\t<\/li>\n\t\t\t\t\t\t\t<li>\n\t\t\t\t\t<i class=\"fa-thin fa-oven\"><\/i>\n\t\t\t\t\t<span>Backofen, Mikrowelle und Toaster        <\/span>\n\t\t\t\t<\/li>\n\t\t\t\t\t\t\t<li>\n\t\t\t\t\t<i class=\"fa-thin fa-coffee-beans\"><\/i>\n\t\t\t\t\t<span>Illy-Kaffeemaschine und elektrischer Wasserkocher        <\/span>\n\t\t\t\t<\/li>\n\t\t\t\t\t\t\t<li>\n\t\t\t\t\t<i class=\"fa-thin fa-plate-utensils\"><\/i>\n\t\t\t\t\t<span>Kochgeschirr        <\/span>\n\t\t\t\t<\/li>\n\t\t\t\t\t\t\t<li>\n\t\t\t\t\t<i class=\"fa-thin fa-shirt\"><\/i>\n\t\t\t\t\t<span>B\u00fcgeleisen und B\u00fcgelbrett        <\/span>\n\t\t\t\t<\/li>\n\t\t\t\t\t\t\t<li>\n\t\t\t\t\t<i class=\"fa-thin fa-vault\"><\/i>\n\t\t\t\t\t<span>Elektronischer Safe        <\/span>\n\t\t\t\t<\/li>\n\t\t\t\t\t\t\t<li>\n\t\t\t\t\t<i class=\"fa-thin fa-thin fa-wifi\"><\/i>\n\t\t\t\t\t<span>Kostenlose Wi-Fi        <\/span>\n\t\t\t\t<\/li>\n\t\t\t\t\t\t<\/ul>\n\n\n<\/div>\n<\/div><\/div>","protected":false},"excerpt":{"rendered":"<p>Intimit\u00e4t und Gem\u00fctlichkeit<\/p>\n","protected":false},"author":19,"featured_media":7311,"template":"","meta":{"_acf_changed":false,"advgb_blocks_editor_width":"","advgb_blocks_columns_visual_guide":"","footnotes":""},"apartment_categories":[31],"class_list":["post-7618","apartment","type-apartment","status-publish","has-post-thumbnail","hentry","entry"],"acf":[],"yoast_head":"<!-- This site is optimized with the Yoast SEO plugin v26.3 - https:\/\/yoast.com\/wordpress\/plugins\/seo\/ -->\n<title>| Duchi Aparthotels<\/title>\n<meta name=\"description\" content=\"Entdecken Sie die Eleganz der Loft Unit\u00e0: intime, offene R\u00e4ume f\u00fcr zwei Personen mit herrlichem Blick auf die historischen Geb\u00e4ude.\" \/>\n<meta name=\"robots\" content=\"index, follow, max-snippet:-1, max-image-preview:large, max-video-preview:-1\" \/>\n<link rel=\"canonical\" href=\"https:\/\/duchiluxuryapartments.it\/de\/apartment\/loft-unita\/\" \/>\n<meta property=\"og:locale\" content=\"de_DE\" \/>\n<meta property=\"og:type\" content=\"article\" \/>\n<meta property=\"og:title\" content=\"| Duchi Aparthotels\" \/>\n<meta property=\"og:description\" content=\"Entdecken Sie die Eleganz der Loft Unit\u00e0: intime, offene R\u00e4ume f\u00fcr zwei Personen mit herrlichem Blick auf die historischen Geb\u00e4ude.\" \/>\n<meta property=\"og:url\" content=\"https:\/\/duchiluxuryapartments.it\/de\/apartment\/loft-unita\/\" \/>\n<meta property=\"og:site_name\" content=\"Duchi Aparthotels\" \/>\n<meta property=\"article:publisher\" content=\"https:\/\/www.facebook.com\/Hotel.Duchi.Trieste\" \/>\n<meta property=\"article:modified_time\" content=\"2025-11-11T07:41:20+00:00\" \/>\n<meta property=\"og:image\" content=\"https:\/\/duchiluxuryapartments.it\/wp-content\/uploads\/2023\/11\/Loft-Unita-above-the-fold.jpg\" \/>\n\t<meta property=\"og:image:width\" content=\"1920\" \/>\n\t<meta property=\"og:image:height\" content=\"1280\" \/>\n\t<meta property=\"og:image:type\" content=\"image\/jpeg\" \/>\n<meta name=\"twitter:card\" content=\"summary_large_image\" \/>\n<meta name=\"twitter:label1\" content=\"Gesch\u00e4tzte Lesezeit\" \/>\n\t<meta name=\"twitter:data1\" content=\"1\u00a0Minute\" \/>\n<script type=\"application\/ld+json\" class=\"yoast-schema-graph\">{\"@context\":\"https:\/\/schema.org\",\"@graph\":[{\"@type\":\"WebPage\",\"@id\":\"https:\/\/duchiluxuryapartments.it\/de\/apartment\/loft-unita\/\",\"url\":\"https:\/\/duchiluxuryapartments.it\/de\/apartment\/loft-unita\/\",\"name\":\"| Duchi Aparthotels\",\"isPartOf\":{\"@id\":\"https:\/\/duchiluxuryapartments.it\/de\/#website\"},\"primaryImageOfPage\":{\"@id\":\"https:\/\/duchiluxuryapartments.it\/de\/apartment\/loft-unita\/#primaryimage\"},\"image\":{\"@id\":\"https:\/\/duchiluxuryapartments.it\/de\/apartment\/loft-unita\/#primaryimage\"},\"thumbnailUrl\":\"https:\/\/duchiluxuryapartments.it\/wp-content\/uploads\/2023\/11\/Loft-Unita-above-the-fold.jpg\",\"datePublished\":\"2023-12-13T09:08:02+00:00\",\"dateModified\":\"2025-11-11T07:41:20+00:00\",\"description\":\"Entdecken Sie die Eleganz der Loft Unit\u00e0: intime, offene R\u00e4ume f\u00fcr zwei Personen mit herrlichem Blick auf die historischen Geb\u00e4ude.\",\"breadcrumb\":{\"@id\":\"https:\/\/duchiluxuryapartments.it\/de\/apartment\/loft-unita\/#breadcrumb\"},\"inLanguage\":\"de\",\"potentialAction\":[{\"@type\":\"ReadAction\",\"target\":[\"https:\/\/duchiluxuryapartments.it\/de\/apartment\/loft-unita\/\"]}]},{\"@type\":\"ImageObject\",\"inLanguage\":\"de\",\"@id\":\"https:\/\/duchiluxuryapartments.it\/de\/apartment\/loft-unita\/#primaryimage\",\"url\":\"https:\/\/duchiluxuryapartments.it\/wp-content\/uploads\/2023\/11\/Loft-Unita-above-the-fold.jpg\",\"contentUrl\":\"https:\/\/duchiluxuryapartments.it\/wp-content\/uploads\/2023\/11\/Loft-Unita-above-the-fold.jpg\",\"width\":1920,\"height\":1280,\"caption\":\"Stanza spaziosa con un letto matrimoniale, un divano rosso, specchio rotondo, lampade da terra e una vista sulla sala da pranzo.\"},{\"@type\":\"BreadcrumbList\",\"@id\":\"https:\/\/duchiluxuryapartments.it\/de\/apartment\/loft-unita\/#breadcrumb\",\"itemListElement\":[{\"@type\":\"ListItem\",\"position\":1,\"name\":\"Home\",\"item\":\"https:\/\/duchiluxuryapartments.it\/de\/\"},{\"@type\":\"ListItem\",\"position\":2,\"name\":\"Open Loft Aparthotel B&amp;B im Anbau\"}]},{\"@type\":\"WebSite\",\"@id\":\"https:\/\/duchiluxuryapartments.it\/de\/#website\",\"url\":\"https:\/\/duchiluxuryapartments.it\/de\/\",\"name\":\"Duchi Aparthotels\",\"description\":\"\",\"publisher\":{\"@id\":\"https:\/\/duchiluxuryapartments.it\/de\/#organization\"},\"potentialAction\":[{\"@type\":\"SearchAction\",\"target\":{\"@type\":\"EntryPoint\",\"urlTemplate\":\"https:\/\/duchiluxuryapartments.it\/de\/?s={search_term_string}\"},\"query-input\":{\"@type\":\"PropertyValueSpecification\",\"valueRequired\":true,\"valueName\":\"search_term_string\"}}],\"inLanguage\":\"de\"},{\"@type\":\"Organization\",\"@id\":\"https:\/\/duchiluxuryapartments.it\/de\/#organization\",\"name\":\"Duchi Aparthotels\",\"url\":\"https:\/\/duchiluxuryapartments.it\/de\/\",\"logo\":{\"@type\":\"ImageObject\",\"inLanguage\":\"de\",\"@id\":\"https:\/\/duchiluxuryapartments.it\/de\/#\/schema\/logo\/image\/\",\"url\":\"https:\/\/duchiluxuryapartments.it\/wp-content\/uploads\/2023\/07\/logo-duchi-daosta.svg\",\"contentUrl\":\"https:\/\/duchiluxuryapartments.it\/wp-content\/uploads\/2023\/07\/logo-duchi-daosta.svg\",\"caption\":\"Duchi Aparthotels\"},\"image\":{\"@id\":\"https:\/\/duchiluxuryapartments.it\/de\/#\/schema\/logo\/image\/\"},\"sameAs\":[\"https:\/\/www.facebook.com\/Hotel.Duchi.Trieste\",\"https:\/\/www.instagram.com\/duchitrieste\/\",\"https:\/\/www.linkedin.com\/company\/grand-hotel-duchi-d-aosta-harry-s-piccolo-bistr-trieste\/\"]}]}<\/script>\n<!-- \/ Yoast SEO plugin. -->","yoast_head_json":{"title":"| Duchi Aparthotels","description":"Entdecken Sie die Eleganz der Loft Unit\u00e0: intime, offene R\u00e4ume f\u00fcr zwei Personen mit herrlichem Blick auf die historischen Geb\u00e4ude.","robots":{"index":"index","follow":"follow","max-snippet":"max-snippet:-1","max-image-preview":"max-image-preview:large","max-video-preview":"max-video-preview:-1"},"canonical":"https:\/\/duchiluxuryapartments.it\/de\/apartment\/loft-unita\/","og_locale":"de_DE","og_type":"article","og_title":"| Duchi Aparthotels","og_description":"Entdecken Sie die Eleganz der Loft Unit\u00e0: intime, offene R\u00e4ume f\u00fcr zwei Personen mit herrlichem Blick auf die historischen Geb\u00e4ude.","og_url":"https:\/\/duchiluxuryapartments.it\/de\/apartment\/loft-unita\/","og_site_name":"Duchi Aparthotels","article_publisher":"https:\/\/www.facebook.com\/Hotel.Duchi.Trieste","article_modified_time":"2025-11-11T07:41:20+00:00","og_image":[{"width":1920,"height":1280,"url":"https:\/\/duchiluxuryapartments.it\/wp-content\/uploads\/2023\/11\/Loft-Unita-above-the-fold.jpg","type":"image\/jpeg"}],"twitter_card":"summary_large_image","twitter_misc":{"Gesch\u00e4tzte Lesezeit":"1\u00a0Minute"},"schema":{"@context":"https:\/\/schema.org","@graph":[{"@type":"WebPage","@id":"https:\/\/duchiluxuryapartments.it\/de\/apartment\/loft-unita\/","url":"https:\/\/duchiluxuryapartments.it\/de\/apartment\/loft-unita\/","name":"| Duchi Aparthotels","isPartOf":{"@id":"https:\/\/duchiluxuryapartments.it\/de\/#website"},"primaryImageOfPage":{"@id":"https:\/\/duchiluxuryapartments.it\/de\/apartment\/loft-unita\/#primaryimage"},"image":{"@id":"https:\/\/duchiluxuryapartments.it\/de\/apartment\/loft-unita\/#primaryimage"},"thumbnailUrl":"https:\/\/duchiluxuryapartments.it\/wp-content\/uploads\/2023\/11\/Loft-Unita-above-the-fold.jpg","datePublished":"2023-12-13T09:08:02+00:00","dateModified":"2025-11-11T07:41:20+00:00","description":"Entdecken Sie die Eleganz der Loft Unit\u00e0: intime, offene R\u00e4ume f\u00fcr zwei Personen mit herrlichem Blick auf die historischen Geb\u00e4ude.","breadcrumb":{"@id":"https:\/\/duchiluxuryapartments.it\/de\/apartment\/loft-unita\/#breadcrumb"},"inLanguage":"de","potentialAction":[{"@type":"ReadAction","target":["https:\/\/duchiluxuryapartments.it\/de\/apartment\/loft-unita\/"]}]},{"@type":"ImageObject","inLanguage":"de","@id":"https:\/\/duchiluxuryapartments.it\/de\/apartment\/loft-unita\/#primaryimage","url":"https:\/\/duchiluxuryapartments.it\/wp-content\/uploads\/2023\/11\/Loft-Unita-above-the-fold.jpg","contentUrl":"https:\/\/duchiluxuryapartments.it\/wp-content\/uploads\/2023\/11\/Loft-Unita-above-the-fold.jpg","width":1920,"height":1280,"caption":"Stanza spaziosa con un letto matrimoniale, un divano rosso, specchio rotondo, lampade da terra e una vista sulla sala da pranzo."},{"@type":"BreadcrumbList","@id":"https:\/\/duchiluxuryapartments.it\/de\/apartment\/loft-unita\/#breadcrumb","itemListElement":[{"@type":"ListItem","position":1,"name":"Home","item":"https:\/\/duchiluxuryapartments.it\/de\/"},{"@type":"ListItem","position":2,"name":"Open Loft Aparthotel B&amp;B im Anbau"}]},{"@type":"WebSite","@id":"https:\/\/duchiluxuryapartments.it\/de\/#website","url":"https:\/\/duchiluxuryapartments.it\/de\/","name":"Duchi Aparthotels","description":"","publisher":{"@id":"https:\/\/duchiluxuryapartments.it\/de\/#organization"},"potentialAction":[{"@type":"SearchAction","target":{"@type":"EntryPoint","urlTemplate":"https:\/\/duchiluxuryapartments.it\/de\/?s={search_term_string}"},"query-input":{"@type":"PropertyValueSpecification","valueRequired":true,"valueName":"search_term_string"}}],"inLanguage":"de"},{"@type":"Organization","@id":"https:\/\/duchiluxuryapartments.it\/de\/#organization","name":"Duchi Aparthotels","url":"https:\/\/duchiluxuryapartments.it\/de\/","logo":{"@type":"ImageObject","inLanguage":"de","@id":"https:\/\/duchiluxuryapartments.it\/de\/#\/schema\/logo\/image\/","url":"https:\/\/duchiluxuryapartments.it\/wp-content\/uploads\/2023\/07\/logo-duchi-daosta.svg","contentUrl":"https:\/\/duchiluxuryapartments.it\/wp-content\/uploads\/2023\/07\/logo-duchi-daosta.svg","caption":"Duchi Aparthotels"},"image":{"@id":"https:\/\/duchiluxuryapartments.it\/de\/#\/schema\/logo\/image\/"},"sameAs":["https:\/\/www.facebook.com\/Hotel.Duchi.Trieste","https:\/\/www.instagram.com\/duchitrieste\/","https:\/\/www.linkedin.com\/company\/grand-hotel-duchi-d-aosta-harry-s-piccolo-bistr-trieste\/"]}]}},"featured_img":"https:\/\/duchiluxuryapartments.it\/wp-content\/uploads\/2023\/11\/Loft-Unita-above-the-fold-1568x1045.jpg","coauthors":[],"author_meta":{"author_link":"https:\/\/duchiluxuryapartments.it\/de\/author\/marcop-lux-dmcl\/","display_name":"Marco Perinel"},"relative_dates":{"created":"Posted 2\u00a0Jahren ago","modified":"Updated 6\u00a0Monaten ago"},"absolute_dates":{"created":"Posted on 13\/12\/2023","modified":"Updated on 11\/11\/2025"},"absolute_dates_time":{"created":"Posted on 13\/12\/2023 10:08","modified":"Updated on 11\/11\/2025 08:41"},"featured_img_caption":"","tax_additional":{"apartment_categories":{"linked":["<a href=\"https:\/\/duchiluxuryapartments.it\/de\/apartment_categories\/luxury-apartments\/\" class=\"advgb-post-tax-term\">Luxury Apartments<\/a>"],"unlinked":["<span class=\"advgb-post-tax-term\">Luxury Apartments<\/span>"],"slug":"apartment_categories","name":"Kategorien"},"translation_priority":{"linked":["<a href=\"https:\/\/duchiluxuryapartments.it\/de\/?taxonomy=translation_priority&#038;term=optional-de\" class=\"advgb-post-tax-term\">Optional<\/a>"],"unlinked":["<span class=\"advgb-post-tax-term\">Optional<\/span>"],"slug":"translation_priority","name":"\u00dcbersetzungspriorit\u00e4ten"}},"series_order":"","_links":{"self":[{"href":"https:\/\/duchiluxuryapartments.it\/de\/wp-json\/wp\/v2\/apartment\/7618","targetHints":{"allow":["GET"]}}],"collection":[{"href":"https:\/\/duchiluxuryapartments.it\/de\/wp-json\/wp\/v2\/apartment"}],"about":[{"href":"https:\/\/duchiluxuryapartments.it\/de\/wp-json\/wp\/v2\/types\/apartment"}],"author":[{"embeddable":true,"href":"https:\/\/duchiluxuryapartments.it\/de\/wp-json\/wp\/v2\/users\/19"}],"version-history":[{"count":12,"href":"https:\/\/duchiluxuryapartments.it\/de\/wp-json\/wp\/v2\/apartment\/7618\/revisions"}],"predecessor-version":[{"id":9104,"href":"https:\/\/duchiluxuryapartments.it\/de\/wp-json\/wp\/v2\/apartment\/7618\/revisions\/9104"}],"wp:featuredmedia":[{"embeddable":true,"href":"https:\/\/duchiluxuryapartments.it\/de\/wp-json\/wp\/v2\/media\/7311"}],"wp:attachment":[{"href":"https:\/\/duchiluxuryapartments.it\/de\/wp-json\/wp\/v2\/media?parent=7618"}],"wp:term":[{"taxonomy":"apartment_categories","embeddable":true,"href":"https:\/\/duchiluxuryapartments.it\/de\/wp-json\/wp\/v2\/apartment_categories?post=7618"}],"curies":[{"name":"wp","href":"https:\/\/api.w.org\/{rel}","templated":true}]}}