{"id":7588,"date":"2023-12-11T17:13:19","date_gmt":"2023-12-11T16:13:19","guid":{"rendered":"https:\/\/duchiluxuryapartments.it\/apartment\/rooftop-apartment\/"},"modified":"2025-11-10T12:48:18","modified_gmt":"2025-11-10T11:48:18","slug":"rooftop-apartment","status":"publish","type":"apartment","link":"https:\/\/duchiluxuryapartments.it\/de\/apartment\/rooftop-apartment\/","title":{"rendered":"Zwei Schlafzimmer und Terrasse, Aparthotel B&amp;B im Anbau"},"content":{"rendered":"<div  class=\"grids-section single-apartment-description animated fadeInLeft grids-is-advanced alignwide\" style=\"--_gs-gap-desktop:0px 0px;--_gs-m-desktop:0 0 0 0;--_gs-p-desktop:0 0 0 0;--_gs-bg-desktop:transparent none;--_gs-bg-xp-desktop:0px;--_gs-zi-desktop:auto;--_gs-d-desktop:block;--_gs-mw-desktop:calc(100% - 0 - 0);--_gs-gap-tablet:0px 0px;--_gs-m-tablet:0 0 0 0;--_gs-p-tablet:0 0 0 0;--_gs-bg-tablet:transparent none;--_gs-bg-xp-tablet:0px;--_gs-zi-tablet:auto;--_gs-d-tablet:block;--_gs-mw-tablet:calc(100% - 0 - 0);--_gs-gap-mobile:0px 0px;--_gs-m-mobile:0 0 0 0;--_gs-p-mobile:0 0 0 0;--_gs-bg-mobile:transparent none;--_gs-bg-xp-mobile:0px;--_gs-zi-mobile:auto;--_gs-d-mobile:block;--_gs-mw-mobile:calc(100% - 0 - 0);--_gs-columns:12;--_gs-rows:6\"><div class=\"grids-s-w_i\">\n<div class=\"grids-area\" style=\"--_ga-column:1\/13;--_ga-row:1\/7;--_ga-m-desktop:0 0 0 0;--_ga-p-desktop:0 0 0 0;--_ga-bg-desktop:transparent none;--_ga-zi-desktop:auto;--_ga-d-desktop:flex;--_ga-mw-desktop:calc(100% - 0 - 0);--_ga-m-tablet:0 0 0 0;--_ga-p-tablet:0 0 0 0;--_ga-bg-tablet:transparent none;--_ga-zi-tablet:auto;--_ga-d-tablet:flex;--_ga-mw-tablet:calc(100% - 0 - 0);--_ga-m-mobile:0 0 0 0;--_ga-p-mobile:0 0 0 0;--_ga-bg-mobile:transparent none;--_ga-zi-mobile:auto;--_ga-d-mobile:flex;--_ga-mw-mobile:calc(100% - 0 - 0)\">\n\n<h2 class=\"wp-block-heading has-text-align-center\">Terrasse mit Aussicht\n        <\/h2>\n\n\n\n<p class=\"has-text-align-center\"><strong>Ein einzigartiges Erlebnis erwartet Sie in der exklusiven Zweizimmerwohnung mit Terrasse im Aparthotel B&amp;B Vis \u00e0 Vis.<\/strong><br>Diese stilvolle Unterkunft im vierten Stock bietet auf 79 m\u00b2 pure Eleganz und Komfort \u2013 der ideale R\u00fcckzugsort f\u00fcr G\u00e4ste, die ein anspruchsvolles und modernes Ambiente sch\u00e4tzen.<\/p>\n\n\n\n<p>Genie\u00dfen Sie den Luxus einer privaten Terrasse, ausgestattet mit St\u00fchlen und einem Tisch, perfekt f\u00fcr entspannte Stunden im Freien. Ob beim Fr\u00fchst\u00fcck in der Sonne oder beim Abendessen unter dem Sternenhimmel \u2013 hier erleben Sie besondere Momente mit einem herrlichen Panoramablick auf die Stadt.<\/p>\n\n\n\n<p>Im Inneren erwartet Sie ein gro\u00dfz\u00fcgiges Wohnzimmer mit einem bequemen Schlafsofa, das den Raum vielseitig und einladend macht \u2013 ideal, um G\u00e4ste zu empfangen oder einfach zu entspannen. Der edle Parkettboden verleiht der Wohnung W\u00e4rme und Charakter, w\u00e4hrend das moderne Design f\u00fcr Licht, Klarheit und Funktionalit\u00e4t sorgt.<\/p>\n\n\n\n<p class=\"has-text-align-center\">Ein Aufzug bringt Sie bequem in den dritten Stock, von wo aus Sie den exklusiven vierten Stock mit Ihrer privaten Wohnung erreichen \u2013 ein Ort der Ruhe, Eleganz und Wohlf\u00fchlatmosph\u00e4re.<\/p>\n\n\n\n<p class=\"has-text-align-center\">Perfekt f\u00fcr Paare, Freundesgruppen oder Familien.<\/p>\n\n<\/div>\n<\/div><\/div>\n\n<div  class=\"grids-section animated fadeInUp grids-is-advanced alignwide\" style=\"--_gs-gap-desktop:0px 0px;--_gs-m-desktop:0 0 0 0;--_gs-p-desktop:0 0 0 0;--_gs-bg-desktop:transparent none;--_gs-bg-xp-desktop:0px;--_gs-zi-desktop:auto;--_gs-d-desktop:block;--_gs-mw-desktop:calc(100% - 0 - 0);--_gs-gap-tablet:0px 0px;--_gs-m-tablet:0 0 0 0;--_gs-p-tablet:0 0 0 0;--_gs-bg-tablet:transparent none;--_gs-bg-xp-tablet:0px;--_gs-zi-tablet:auto;--_gs-d-tablet:block;--_gs-mw-tablet:calc(100% - 0 - 0);--_gs-gap-mobile:0px 0px;--_gs-m-mobile:0 0 0 0;--_gs-p-mobile:0 0 0 0;--_gs-bg-mobile:transparent none;--_gs-bg-xp-mobile:0px;--_gs-zi-mobile:auto;--_gs-d-mobile:block;--_gs-mw-mobile:calc(100% - 0 - 0);--_gs-columns:12;--_gs-rows:6\"><div class=\"grids-s-w_i\">\n<div class=\"grids-area\" style=\"--_ga-column:1\/13;--_ga-row:1\/7;--_ga-m-desktop:0 0 0 0;--_ga-p-desktop:0 0 0 0;--_ga-bg-desktop:transparent none;--_ga-zi-desktop:auto;--_ga-d-desktop:flex;--_ga-mw-desktop:calc(100% - 0 - 0);--_ga-m-tablet:0 0 0 0;--_ga-p-tablet:0 0 0 0;--_ga-bg-tablet:transparent none;--_ga-zi-tablet:auto;--_ga-d-tablet:flex;--_ga-mw-tablet:calc(100% - 0 - 0);--_ga-m-mobile:0 0 0 0;--_ga-p-mobile:0 0 0 0;--_ga-bg-mobile:transparent none;--_ga-zi-mobile:auto;--_ga-d-mobile:flex;--_ga-mw-mobile:calc(100% - 0 - 0)\">\n<a href=\"https:\/\/duchiluxuryapartments.it\/it\/be\/\" class=\"btn btn-booking btn-center\" target=\"_blank\">Verf\u00fcgbarkeit pr\u00fcfen<\/a>\n\n\n\t<ul class=\"apartment-services-list apartment-services_evidence-list\">\n\t\t\t\t\t\t\t\t\t<li>\n\t\t\t\t\t<i class=\"fa-thin fa-expand-wide\"><\/i>\n\t\t\t\t\t<span>79 qm        <\/span>\n\t\t\t\t<\/li>\n\t\t\t\t\t\t\t<li>\n\t\t\t\t\t<i class=\"fa-thin fa-person\"><\/i>\n\t\t\t\t\t<span>bis zu 5 Personen        <\/span>\n\t\t\t\t<\/li>\n\t\t\t\t\t\t\t<li>\n\t\t\t\t\t<i class=\"fa-thin fa-bed-front\"><\/i>\n\t\t\t\t\t<span>2 Schlafzimmern        <\/span>\n\t\t\t\t<\/li>\n\t\t\t\t\t\t\t<li>\n\t\t\t\t\t<i class=\"fa-thin fa-shower\"><\/i>\n\t\t\t\t\t<span>1 Badezimmer mit Dusche        <\/span>\n\t\t\t\t<\/li>\n\t\t\t\t\t\t\t<li>\n\t\t\t\t\t<i class=\"fa-thin fa-plate-utensils\"><\/i>\n\t\t\t\t\t<span>Einbauk\u00fcche        <\/span>\n\t\t\t\t<\/li>\n\t\t\t\t\t\t\t<li>\n\t\t\t\t\t<i class=\"fa-thin fa-couch\"><\/i>\n\t\t\t\t\t<span>1 Schlafsofa im Wohnzimmer<\/span>\n\t\t\t\t<\/li>\n\t\t\t\t\t\t\t<li>\n\t\t\t\t\t<i class=\"fa-thin fa-croissant\"><\/i>\n\t\t\t\t\t<span>Fr\u00fchst\u00fcck inklusive<\/span>\n\t\t\t\t<\/li>\n\t\t\t\t\t\t<\/ul>\n\n\n<\/div>\n<\/div><\/div>\n\n<div  class=\"grids-section animated fadeInUp grids-is-advanced alignfull\" style=\"--_gs-gap-desktop:0px 0px;--_gs-m-desktop:0 0 0 0;--_gs-p-desktop:0 0 0 0;--_gs-bg-desktop:transparent none;--_gs-bg-xp-desktop:0px;--_gs-zi-desktop:auto;--_gs-d-desktop:block;--_gs-mw-desktop:calc(100% - 0 - 0);--_gs-gap-tablet:0px 0px;--_gs-m-tablet:0 0 0 0;--_gs-p-tablet:0 0 0 0;--_gs-bg-tablet:transparent none;--_gs-bg-xp-tablet:0px;--_gs-zi-tablet:auto;--_gs-d-tablet:block;--_gs-mw-tablet:calc(100% - 0 - 0);--_gs-gap-mobile:0px 0px;--_gs-m-mobile:0 0 0 0;--_gs-p-mobile:0 0 0 0;--_gs-bg-mobile:transparent none;--_gs-bg-xp-mobile:0px;--_gs-zi-mobile:auto;--_gs-d-mobile:block;--_gs-mw-mobile:calc(100% - 0 - 0);--_gs-columns:12;--_gs-rows:6\"><div class=\"grids-s-w_i\">\n<div class=\"grids-area\" style=\"--_ga-column:1\/13;--_ga-row:1\/7;--_ga-m-desktop:0 0 0 0;--_ga-p-desktop:0 0 0 0;--_ga-bg-desktop:transparent none;--_ga-zi-desktop:auto;--_ga-d-desktop:flex;--_ga-mw-desktop:calc(100% - 0 - 0);--_ga-m-tablet:0 0 0 0;--_ga-p-tablet:0 0 0 0;--_ga-bg-tablet:transparent none;--_ga-zi-tablet:auto;--_ga-d-tablet:flex;--_ga-mw-tablet:calc(100% - 0 - 0);--_ga-m-mobile:0 0 0 0;--_ga-p-mobile:0 0 0 0;--_ga-bg-mobile:transparent none;--_ga-zi-mobile:auto;--_ga-d-mobile:flex;--_ga-mw-mobile:calc(100% - 0 - 0)\">\n    <div class=\"slider-gallery-wrapper\" id=\"customGallery_apartment\">\n        <div class=\"swiper-wrapper\">\n                                            <div class=\"slider-gallery-single-image swiper-slide\">\n                    <figure class=\"full-width slider-gallery\">\n                        <img decoding=\"async\" src=\"https:\/\/duchiluxuryapartments.it\/wp-content\/uploads\/2023\/11\/Rooftop-Apartment-3.jpg\" alt=\"Soggiorno accogliente con tavolo da pranzo, lampada dorata e finestra luminosa.\" \/>\n                    <\/figure>\n                <\/div>\n                                            <div class=\"slider-gallery-single-image swiper-slide\">\n                    <figure class=\"full-width slider-gallery\">\n                        <img decoding=\"async\" src=\"https:\/\/duchiluxuryapartments.it\/wp-content\/uploads\/2023\/11\/Rooftop-Apartment-2.jpg\" alt=\"Camera da letto accogliente\" \/>\n                    <\/figure>\n                <\/div>\n                                            <div class=\"slider-gallery-single-image swiper-slide\">\n                    <figure class=\"full-width slider-gallery\">\n                        <img decoding=\"async\" src=\"https:\/\/duchiluxuryapartments.it\/wp-content\/uploads\/2023\/11\/Rooftop-Apartment-1-1.jpg\" alt=\"Specchio a forma di pesce con cornice dorata su parete bianca minimalista.\" \/>\n                    <\/figure>\n                <\/div>\n                                            <div class=\"slider-gallery-single-image swiper-slide\">\n                    <figure class=\"full-width slider-gallery\">\n                        <img decoding=\"async\" src=\"https:\/\/duchiluxuryapartments.it\/wp-content\/uploads\/2023\/11\/Rooftop-Apartment-5.jpg\" alt=\"Sala da pranzo minimalista con tavolo bianco, specchio ovale e TV a parete.\" \/>\n                    <\/figure>\n                <\/div>\n                                            <div class=\"slider-gallery-single-image swiper-slide\">\n                    <figure class=\"full-width slider-gallery\">\n                        <img decoding=\"async\" src=\"https:\/\/duchiluxuryapartments.it\/wp-content\/uploads\/2023\/11\/Rooftop-Apartment-4.jpg\" alt=\"Terrazza sul tetto con mobili da esterno e vista panoramica sulla citt\u00e0.\" \/>\n                    <\/figure>\n                <\/div>\n                    <\/div>\n\n        <div class=\"slider-list-navigation\">\n            <div class=\"swiper-pagination\"><\/div>\n        <\/div>\n\t<\/div>\n\n<script type=\"text\/javascript\">\n    jQuery(document).ready(function () {\n        \/\/ initialize swiper when document ready\n        var customGallery_apartment = new Swiper ('#customGallery_apartment', {\n            slidesPerView: 'auto',\n            spaceBetween: 0,\n            loop: true,\n            centeredSlides: true,\n            autoplay: {\n                delay: 2500,\n                disableOnInteraction: true,\n            },\n            pagination: {\n                el: '#customGallery_apartment .slider-list-navigation .swiper-pagination',\n                clickable: true\n            },\n        });\n    });\n<\/script>\n\n<\/div>\n<\/div><\/div>\n\n<div  class=\"grids-section apartment-services-row grids-is-advanced alignwide\" style=\"--_gs-gap-desktop:0px 0px;--_gs-m-desktop:0 0 0 0;--_gs-p-desktop:0 0 0 0;--_gs-bg-desktop:transparent none;--_gs-bg-xp-desktop:0px;--_gs-zi-desktop:auto;--_gs-d-desktop:block;--_gs-mw-desktop:calc(100% - 0 - 0);--_gs-gap-tablet:0px 0px;--_gs-m-tablet:0 0 0 0;--_gs-p-tablet:0 0 0 0;--_gs-bg-tablet:transparent none;--_gs-bg-xp-tablet:0px;--_gs-zi-tablet:auto;--_gs-d-tablet:block;--_gs-mw-tablet:calc(100% - 0 - 0);--_gs-gap-mobile:0px 0px;--_gs-m-mobile:0 0 0 0;--_gs-p-mobile:0 0 0 0;--_gs-bg-mobile:transparent none;--_gs-bg-xp-mobile:0px;--_gs-zi-mobile:auto;--_gs-d-mobile:block;--_gs-mw-mobile:calc(100% - 0 - 0);--_gs-columns:12;--_gs-rows:6\"><div class=\"grids-s-w_i\">\n<div class=\"grids-area animated fadeInLeft\" style=\"--_ga-column:1\/13;--_ga-row:1\/7;--_ga-m-desktop:0 0 0 0;--_ga-p-desktop:0 0 0 0;--_ga-bg-desktop:transparent none;--_ga-zi-desktop:auto;--_ga-d-desktop:flex;--_ga-mw-desktop:calc(100% - 0 - 0);--_ga-m-tablet:0 0 0 0;--_ga-p-tablet:0 0 0 0;--_ga-bg-tablet:transparent none;--_ga-zi-tablet:auto;--_ga-d-tablet:flex;--_ga-mw-tablet:calc(100% - 0 - 0);--_ga-m-mobile:0 0 0 0;--_ga-p-mobile:0 0 0 0;--_ga-bg-mobile:transparent none;--_ga-zi-mobile:auto;--_ga-d-mobile:flex;--_ga-mw-mobile:calc(100% - 0 - 0)\">\n\n<p class=\"counter-h\">DIENSTLEISTUNGEN\n        <\/p>\n\n\n\t<ul class=\"apartment-services-list apartment-services-list\">\n\t\t\t\t\t\t\t\t\t<li>\n\t\t\t\t\t<i class=\"fa-thin fa-window-frame-open\"><\/i>\n\t\t\t\t\t<span>Terrasse mit Blick auf die Altstadt        <\/span>\n\t\t\t\t<\/li>\n\t\t\t\t\t\t\t<li>\n\t\t\t\t\t<i class=\"fa-thin fa-thin fa-wifi\"><\/i>\n\t\t\t\t\t<span>Kostenlose Wi-Fi        <\/span>\n\t\t\t\t<\/li>\n\t\t\t\t\t\t\t<li>\n\t\t\t\t\t<i class=\"fa-thin fa-tv\"><\/i>\n\t\t\t\t\t<span>Flachbildfernseher        <\/span>\n\t\t\t\t<\/li>\n\t\t\t\t\t\t\t<li>\n\t\t\t\t\t<i class=\"fa-thin fa-air-conditioner\"><\/i>\n\t\t\t\t\t<span>Klimatisierung        <\/span>\n\t\t\t\t<\/li>\n\t\t\t\t\t\t\t<li>\n\t\t\t\t\t<i class=\"fa-thin fa-blanket\"><\/i>\n\t\t\t\t\t<span>Haushaltsw\u00e4sche        <\/span>\n\t\t\t\t<\/li>\n\t\t\t\t\t\t\t<li>\n\t\t\t\t\t<i class=\"fa-thin fa-oven\"><\/i>\n\t\t\t\t\t<span>Backofen und Mikrowelle        <\/span>\n\t\t\t\t<\/li>\n\t\t\t\t\t\t\t<li>\n\t\t\t\t\t<i class=\"fa-thin fa-washing-machine\"><\/i>\n\t\t\t\t\t<span>Geschirrsp\u00fcler und Waschmaschine        <\/span>\n\t\t\t\t<\/li>\n\t\t\t\t\t\t\t<li>\n\t\t\t\t\t<i class=\"fa-thin fa-refrigerator\"><\/i>\n\t\t\t\t\t<span>K\u00fchlschrank        <\/span>\n\t\t\t\t<\/li>\n\t\t\t\t\t\t\t<li>\n\t\t\t\t\t<i class=\"fa-thin fa-bread-slice\"><\/i>\n\t\t\t\t\t<span>Toaster        <\/span>\n\t\t\t\t<\/li>\n\t\t\t\t\t\t\t<li>\n\t\t\t\t\t<i class=\"fa-thin fa-plate-utensils\"><\/i>\n\t\t\t\t\t<span>Kochgeschirr        <\/span>\n\t\t\t\t<\/li>\n\t\t\t\t\t\t\t<li>\n\t\t\t\t\t<i class=\"fa-thin fa-coffee-beans\"><\/i>\n\t\t\t\t\t<span>Illy-Kaffeemaschine und elektrischer Wasserkocher        <\/span>\n\t\t\t\t<\/li>\n\t\t\t\t\t\t\t<li>\n\t\t\t\t\t<i class=\"fa-thin fa-shower\"><\/i>\n\t\t\t\t\t<span>Dusche        <\/span>\n\t\t\t\t<\/li>\n\t\t\t\t\t\t\t<li>\n\t\t\t\t\t<i class=\"fa-thin fa-wind\"><\/i>\n\t\t\t\t\t<span>Haartrockner        <\/span>\n\t\t\t\t<\/li>\n\t\t\t\t\t\t\t<li>\n\t\t\t\t\t<i class=\"fa-thin fa-shirt\"><\/i>\n\t\t\t\t\t<span>B\u00fcgeleisen und B\u00fcgelbrett        <\/span>\n\t\t\t\t<\/li>\n\t\t\t\t\t\t\t<li>\n\t\t\t\t\t<i class=\"fa-thin fa-pump-soap\"><\/i>\n\t\t\t\t\t<span>Pflegeset        <\/span>\n\t\t\t\t<\/li>\n\t\t\t\t\t\t\t<li>\n\t\t\t\t\t<i class=\"fa-thin fa-vault\"><\/i>\n\t\t\t\t\t<span>Elektronischer Safe        <\/span>\n\t\t\t\t<\/li>\n\t\t\t\t\t\t<\/ul>\n\n\n<\/div>\n<\/div><\/div>","protected":false},"excerpt":{"rendered":"<p>Terrasse mit Aussicht<\/p>\n","protected":false},"author":19,"featured_media":7307,"template":"","meta":{"_acf_changed":false,"advgb_blocks_editor_width":"","advgb_blocks_columns_visual_guide":"","footnotes":""},"apartment_categories":[32],"class_list":["post-7588","apartment","type-apartment","status-publish","has-post-thumbnail","hentry","entry"],"acf":[],"yoast_head":"<!-- This site is optimized with the Yoast SEO plugin v26.3 - https:\/\/yoast.com\/wordpress\/plugins\/seo\/ -->\n<title>Zwei Schlafzimmer und Terrasse, Aparthotel B&amp;B im Anbau | Duchi Aparthotels<\/title>\n<meta name=\"description\" content=\"Erleben Sie den Zauber von Triest von unserem Apartment mit Panoramaterrasse aus. Genie\u00dfen Sie wertvolle Momente bei einem Outdoor-Aperitif.\" \/>\n<meta name=\"robots\" content=\"index, follow, max-snippet:-1, max-image-preview:large, max-video-preview:-1\" \/>\n<link rel=\"canonical\" href=\"https:\/\/duchiluxuryapartments.it\/de\/apartment\/rooftop-apartment\/\" \/>\n<meta property=\"og:locale\" content=\"de_DE\" \/>\n<meta property=\"og:type\" content=\"article\" \/>\n<meta property=\"og:title\" content=\"Zwei Schlafzimmer und Terrasse, Aparthotel B&amp;B im Anbau | Duchi Aparthotels\" \/>\n<meta property=\"og:description\" content=\"Erleben Sie den Zauber von Triest von unserem Apartment mit Panoramaterrasse aus. Genie\u00dfen Sie wertvolle Momente bei einem Outdoor-Aperitif.\" \/>\n<meta property=\"og:url\" content=\"https:\/\/duchiluxuryapartments.it\/de\/apartment\/rooftop-apartment\/\" \/>\n<meta property=\"og:site_name\" content=\"Duchi Aparthotels\" \/>\n<meta property=\"article:publisher\" content=\"https:\/\/www.facebook.com\/Hotel.Duchi.Trieste\" \/>\n<meta property=\"article:modified_time\" content=\"2025-11-10T11:48:18+00:00\" \/>\n<meta property=\"og:image\" content=\"https:\/\/duchiluxuryapartments.it\/wp-content\/uploads\/2023\/11\/Rooftop-apartment-above-the-fold.jpg\" \/>\n\t<meta property=\"og:image:width\" content=\"1680\" \/>\n\t<meta property=\"og:image:height\" content=\"1120\" \/>\n\t<meta property=\"og:image:type\" content=\"image\/jpeg\" \/>\n<meta name=\"twitter:card\" content=\"summary_large_image\" \/>\n<meta name=\"twitter:label1\" content=\"Gesch\u00e4tzte Lesezeit\" \/>\n\t<meta name=\"twitter:data1\" content=\"2\u00a0Minuten\" \/>\n<script type=\"application\/ld+json\" class=\"yoast-schema-graph\">{\"@context\":\"https:\/\/schema.org\",\"@graph\":[{\"@type\":\"WebPage\",\"@id\":\"https:\/\/duchiluxuryapartments.it\/de\/apartment\/rooftop-apartment\/\",\"url\":\"https:\/\/duchiluxuryapartments.it\/de\/apartment\/rooftop-apartment\/\",\"name\":\"Zwei Schlafzimmer und Terrasse, Aparthotel B&amp;B im Anbau | Duchi Aparthotels\",\"isPartOf\":{\"@id\":\"https:\/\/duchiluxuryapartments.it\/de\/#website\"},\"primaryImageOfPage\":{\"@id\":\"https:\/\/duchiluxuryapartments.it\/de\/apartment\/rooftop-apartment\/#primaryimage\"},\"image\":{\"@id\":\"https:\/\/duchiluxuryapartments.it\/de\/apartment\/rooftop-apartment\/#primaryimage\"},\"thumbnailUrl\":\"https:\/\/duchiluxuryapartments.it\/wp-content\/uploads\/2023\/11\/Rooftop-apartment-above-the-fold.jpg\",\"datePublished\":\"2023-12-11T16:13:19+00:00\",\"dateModified\":\"2025-11-10T11:48:18+00:00\",\"description\":\"Erleben Sie den Zauber von Triest von unserem Apartment mit Panoramaterrasse aus. Genie\u00dfen Sie wertvolle Momente bei einem Outdoor-Aperitif.\",\"breadcrumb\":{\"@id\":\"https:\/\/duchiluxuryapartments.it\/de\/apartment\/rooftop-apartment\/#breadcrumb\"},\"inLanguage\":\"de\",\"potentialAction\":[{\"@type\":\"ReadAction\",\"target\":[\"https:\/\/duchiluxuryapartments.it\/de\/apartment\/rooftop-apartment\/\"]}]},{\"@type\":\"ImageObject\",\"inLanguage\":\"de\",\"@id\":\"https:\/\/duchiluxuryapartments.it\/de\/apartment\/rooftop-apartment\/#primaryimage\",\"url\":\"https:\/\/duchiluxuryapartments.it\/wp-content\/uploads\/2023\/11\/Rooftop-apartment-above-the-fold.jpg\",\"contentUrl\":\"https:\/\/duchiluxuryapartments.it\/wp-content\/uploads\/2023\/11\/Rooftop-apartment-above-the-fold.jpg\",\"width\":1680,\"height\":1120,\"caption\":\"L'immagine mostra un terrazzo urbano con vista sui tetti, seduta esterna nera e tavolino rotondo.\"},{\"@type\":\"BreadcrumbList\",\"@id\":\"https:\/\/duchiluxuryapartments.it\/de\/apartment\/rooftop-apartment\/#breadcrumb\",\"itemListElement\":[{\"@type\":\"ListItem\",\"position\":1,\"name\":\"Home\",\"item\":\"https:\/\/duchiluxuryapartments.it\/de\/\"},{\"@type\":\"ListItem\",\"position\":2,\"name\":\"Zwei Schlafzimmer und Terrasse, Aparthotel B&amp;B im Anbau\"}]},{\"@type\":\"WebSite\",\"@id\":\"https:\/\/duchiluxuryapartments.it\/de\/#website\",\"url\":\"https:\/\/duchiluxuryapartments.it\/de\/\",\"name\":\"Duchi Aparthotels\",\"description\":\"\",\"publisher\":{\"@id\":\"https:\/\/duchiluxuryapartments.it\/de\/#organization\"},\"potentialAction\":[{\"@type\":\"SearchAction\",\"target\":{\"@type\":\"EntryPoint\",\"urlTemplate\":\"https:\/\/duchiluxuryapartments.it\/de\/?s={search_term_string}\"},\"query-input\":{\"@type\":\"PropertyValueSpecification\",\"valueRequired\":true,\"valueName\":\"search_term_string\"}}],\"inLanguage\":\"de\"},{\"@type\":\"Organization\",\"@id\":\"https:\/\/duchiluxuryapartments.it\/de\/#organization\",\"name\":\"Duchi Aparthotels\",\"url\":\"https:\/\/duchiluxuryapartments.it\/de\/\",\"logo\":{\"@type\":\"ImageObject\",\"inLanguage\":\"de\",\"@id\":\"https:\/\/duchiluxuryapartments.it\/de\/#\/schema\/logo\/image\/\",\"url\":\"https:\/\/duchiluxuryapartments.it\/wp-content\/uploads\/2023\/07\/logo-duchi-daosta.svg\",\"contentUrl\":\"https:\/\/duchiluxuryapartments.it\/wp-content\/uploads\/2023\/07\/logo-duchi-daosta.svg\",\"caption\":\"Duchi Aparthotels\"},\"image\":{\"@id\":\"https:\/\/duchiluxuryapartments.it\/de\/#\/schema\/logo\/image\/\"},\"sameAs\":[\"https:\/\/www.facebook.com\/Hotel.Duchi.Trieste\",\"https:\/\/www.instagram.com\/duchitrieste\/\",\"https:\/\/www.linkedin.com\/company\/grand-hotel-duchi-d-aosta-harry-s-piccolo-bistr-trieste\/\"]}]}<\/script>\n<!-- \/ Yoast SEO plugin. -->","yoast_head_json":{"title":"Zwei Schlafzimmer und Terrasse, Aparthotel B&amp;B im Anbau | Duchi Aparthotels","description":"Erleben Sie den Zauber von Triest von unserem Apartment mit Panoramaterrasse aus. Genie\u00dfen Sie wertvolle Momente bei einem Outdoor-Aperitif.","robots":{"index":"index","follow":"follow","max-snippet":"max-snippet:-1","max-image-preview":"max-image-preview:large","max-video-preview":"max-video-preview:-1"},"canonical":"https:\/\/duchiluxuryapartments.it\/de\/apartment\/rooftop-apartment\/","og_locale":"de_DE","og_type":"article","og_title":"Zwei Schlafzimmer und Terrasse, Aparthotel B&amp;B im Anbau | Duchi Aparthotels","og_description":"Erleben Sie den Zauber von Triest von unserem Apartment mit Panoramaterrasse aus. Genie\u00dfen Sie wertvolle Momente bei einem Outdoor-Aperitif.","og_url":"https:\/\/duchiluxuryapartments.it\/de\/apartment\/rooftop-apartment\/","og_site_name":"Duchi Aparthotels","article_publisher":"https:\/\/www.facebook.com\/Hotel.Duchi.Trieste","article_modified_time":"2025-11-10T11:48:18+00:00","og_image":[{"width":1680,"height":1120,"url":"https:\/\/duchiluxuryapartments.it\/wp-content\/uploads\/2023\/11\/Rooftop-apartment-above-the-fold.jpg","type":"image\/jpeg"}],"twitter_card":"summary_large_image","twitter_misc":{"Gesch\u00e4tzte Lesezeit":"2\u00a0Minuten"},"schema":{"@context":"https:\/\/schema.org","@graph":[{"@type":"WebPage","@id":"https:\/\/duchiluxuryapartments.it\/de\/apartment\/rooftop-apartment\/","url":"https:\/\/duchiluxuryapartments.it\/de\/apartment\/rooftop-apartment\/","name":"Zwei Schlafzimmer und Terrasse, Aparthotel B&amp;B im Anbau | Duchi Aparthotels","isPartOf":{"@id":"https:\/\/duchiluxuryapartments.it\/de\/#website"},"primaryImageOfPage":{"@id":"https:\/\/duchiluxuryapartments.it\/de\/apartment\/rooftop-apartment\/#primaryimage"},"image":{"@id":"https:\/\/duchiluxuryapartments.it\/de\/apartment\/rooftop-apartment\/#primaryimage"},"thumbnailUrl":"https:\/\/duchiluxuryapartments.it\/wp-content\/uploads\/2023\/11\/Rooftop-apartment-above-the-fold.jpg","datePublished":"2023-12-11T16:13:19+00:00","dateModified":"2025-11-10T11:48:18+00:00","description":"Erleben Sie den Zauber von Triest von unserem Apartment mit Panoramaterrasse aus. Genie\u00dfen Sie wertvolle Momente bei einem Outdoor-Aperitif.","breadcrumb":{"@id":"https:\/\/duchiluxuryapartments.it\/de\/apartment\/rooftop-apartment\/#breadcrumb"},"inLanguage":"de","potentialAction":[{"@type":"ReadAction","target":["https:\/\/duchiluxuryapartments.it\/de\/apartment\/rooftop-apartment\/"]}]},{"@type":"ImageObject","inLanguage":"de","@id":"https:\/\/duchiluxuryapartments.it\/de\/apartment\/rooftop-apartment\/#primaryimage","url":"https:\/\/duchiluxuryapartments.it\/wp-content\/uploads\/2023\/11\/Rooftop-apartment-above-the-fold.jpg","contentUrl":"https:\/\/duchiluxuryapartments.it\/wp-content\/uploads\/2023\/11\/Rooftop-apartment-above-the-fold.jpg","width":1680,"height":1120,"caption":"L'immagine mostra un terrazzo urbano con vista sui tetti, seduta esterna nera e tavolino rotondo."},{"@type":"BreadcrumbList","@id":"https:\/\/duchiluxuryapartments.it\/de\/apartment\/rooftop-apartment\/#breadcrumb","itemListElement":[{"@type":"ListItem","position":1,"name":"Home","item":"https:\/\/duchiluxuryapartments.it\/de\/"},{"@type":"ListItem","position":2,"name":"Zwei Schlafzimmer und Terrasse, Aparthotel B&amp;B im Anbau"}]},{"@type":"WebSite","@id":"https:\/\/duchiluxuryapartments.it\/de\/#website","url":"https:\/\/duchiluxuryapartments.it\/de\/","name":"Duchi Aparthotels","description":"","publisher":{"@id":"https:\/\/duchiluxuryapartments.it\/de\/#organization"},"potentialAction":[{"@type":"SearchAction","target":{"@type":"EntryPoint","urlTemplate":"https:\/\/duchiluxuryapartments.it\/de\/?s={search_term_string}"},"query-input":{"@type":"PropertyValueSpecification","valueRequired":true,"valueName":"search_term_string"}}],"inLanguage":"de"},{"@type":"Organization","@id":"https:\/\/duchiluxuryapartments.it\/de\/#organization","name":"Duchi Aparthotels","url":"https:\/\/duchiluxuryapartments.it\/de\/","logo":{"@type":"ImageObject","inLanguage":"de","@id":"https:\/\/duchiluxuryapartments.it\/de\/#\/schema\/logo\/image\/","url":"https:\/\/duchiluxuryapartments.it\/wp-content\/uploads\/2023\/07\/logo-duchi-daosta.svg","contentUrl":"https:\/\/duchiluxuryapartments.it\/wp-content\/uploads\/2023\/07\/logo-duchi-daosta.svg","caption":"Duchi Aparthotels"},"image":{"@id":"https:\/\/duchiluxuryapartments.it\/de\/#\/schema\/logo\/image\/"},"sameAs":["https:\/\/www.facebook.com\/Hotel.Duchi.Trieste","https:\/\/www.instagram.com\/duchitrieste\/","https:\/\/www.linkedin.com\/company\/grand-hotel-duchi-d-aosta-harry-s-piccolo-bistr-trieste\/"]}]}},"featured_img":"https:\/\/duchiluxuryapartments.it\/wp-content\/uploads\/2023\/11\/Rooftop-apartment-above-the-fold-1568x1045.jpg","coauthors":[],"author_meta":{"author_link":"https:\/\/duchiluxuryapartments.it\/de\/author\/marcop-lux-dmcl\/","display_name":"Marco Perinel"},"relative_dates":{"created":"Posted 2\u00a0Jahren ago","modified":"Updated 6\u00a0Monaten ago"},"absolute_dates":{"created":"Posted on 11\/12\/2023","modified":"Updated on 10\/11\/2025"},"absolute_dates_time":{"created":"Posted on 11\/12\/2023 17:13","modified":"Updated on 10\/11\/2025 12:48"},"featured_img_caption":"","tax_additional":{"apartment_categories":{"linked":["<a href=\"https:\/\/duchiluxuryapartments.it\/de\/apartment_categories\/vis-a-vis-apartments\/\" class=\"advgb-post-tax-term\">VIS \u00c0 VIS Apartments<\/a>"],"unlinked":["<span class=\"advgb-post-tax-term\">VIS \u00c0 VIS Apartments<\/span>"],"slug":"apartment_categories","name":"Kategorien"},"translation_priority":{"linked":["<a href=\"https:\/\/duchiluxuryapartments.it\/de\/?taxonomy=translation_priority&#038;term=optional-de\" class=\"advgb-post-tax-term\">Optional<\/a>"],"unlinked":["<span class=\"advgb-post-tax-term\">Optional<\/span>"],"slug":"translation_priority","name":"\u00dcbersetzungspriorit\u00e4ten"}},"series_order":"","_links":{"self":[{"href":"https:\/\/duchiluxuryapartments.it\/de\/wp-json\/wp\/v2\/apartment\/7588","targetHints":{"allow":["GET"]}}],"collection":[{"href":"https:\/\/duchiluxuryapartments.it\/de\/wp-json\/wp\/v2\/apartment"}],"about":[{"href":"https:\/\/duchiluxuryapartments.it\/de\/wp-json\/wp\/v2\/types\/apartment"}],"author":[{"embeddable":true,"href":"https:\/\/duchiluxuryapartments.it\/de\/wp-json\/wp\/v2\/users\/19"}],"version-history":[{"count":14,"href":"https:\/\/duchiluxuryapartments.it\/de\/wp-json\/wp\/v2\/apartment\/7588\/revisions"}],"predecessor-version":[{"id":9095,"href":"https:\/\/duchiluxuryapartments.it\/de\/wp-json\/wp\/v2\/apartment\/7588\/revisions\/9095"}],"wp:featuredmedia":[{"embeddable":true,"href":"https:\/\/duchiluxuryapartments.it\/de\/wp-json\/wp\/v2\/media\/7307"}],"wp:attachment":[{"href":"https:\/\/duchiluxuryapartments.it\/de\/wp-json\/wp\/v2\/media?parent=7588"}],"wp:term":[{"taxonomy":"apartment_categories","embeddable":true,"href":"https:\/\/duchiluxuryapartments.it\/de\/wp-json\/wp\/v2\/apartment_categories?post=7588"}],"curies":[{"name":"wp","href":"https:\/\/api.w.org\/{rel}","templated":true}]}}